{"id":19508,"date":"2025-04-17T11:25:51","date_gmt":"2025-04-17T11:25:51","guid":{"rendered":"https:\/\/kreatortorun.pl\/?post_type=product&#038;p=19508"},"modified":"2026-03-17T12:14:21","modified_gmt":"2026-03-17T12:14:21","slug":"kombinezon-poszukiwawczo-ratowniczy","status":"publish","type":"product","link":"https:\/\/kreatortorun.pl\/en\/produkt\/kombinezon-poszukiwawczo-ratowniczy\/","title":{"rendered":"Kombinezon poszukiwawczo-ratowniczy"},"content":{"rendered":"<h1 style=\"font-weight: 400; text-align: justify;\">Jednocz\u0119\u015bciowy kombinezon ratowniczy dla Grup Poszukiwawczo-Ratowniczych (GPR, GRW, ZPHM, USAR\/MUSAR\/HUSAR).<\/h1>\n<p style=\"text-align: justify;\">Nowoczesny kombinezon ratowniczy w wersji PREMIUM zaprojektowany z my\u015bl\u0105 o grupach poszukiwawczo-ratowniczych, jednostkach ratownictwa specjalistycznego, stra\u017cy po\u017carnej, zespo\u0142ach ratownictwa technicznego oraz formacjach specjalnych dzia\u0142aj\u0105cych w trudnych warunkach terenowych i miejskich.<\/p>\n<p style=\"text-align: justify;\">Kombinezon taktyczny wyposa\u017cony w liczne kieszenie, wzmocnienia oraz odblaskowe elementy, zapewnia pe\u0142en komfort i bezpiecze\u0144stwo podczas dzia\u0142a\u0144 w terenie gruzowiskowym i miejskim. Trwa\u0142a konstrukcja kombinezonu ze specjalistycznych materia\u0142\u00f3w odpornych na r\u00f3\u017cne warunki atmosferyczne i uszkodzenia mechaniczne oraz ergonomiczny kr\u00f3j sprawiaj\u0105, \u017ce to niezawodny wyb\u00f3r dla specjalistycznych s\u0142u\u017cb ratowniczych.<\/p>\n<p>&nbsp;<\/p>\n<h3><strong>Funkcjonalno\u015bci kombinezonu specjalnego typu USAR:<\/strong><\/h3>\n<ul style=\"text-align: justify;\">\n<li>Regulowany, chowany w st\u00f3jce, kaptur do za\u0142o\u017cenia na kask z goglami (np. Pacific F7) i mask\u0119 gazow\u0105 (lub opcja bez kaptura).<\/li>\n<li>Regulowane obwody (przy nadgarstkach, nogawkach, kolanach i w pasie).<\/li>\n<li>Kilka sposob\u00f3w wentylacji: w skrzelach plec\u00f3w, pod pachami i w kroku, w kieszeniach zapinanych na zamek i przy r\u0119kawach.<\/li>\n<li>\u0141aty wzmacniaj\u0105ce z Cordury<strong>\u00ae<\/strong> w newralgicznych miejscach (na \u0142okciach i kolanach).<\/li>\n<li>Kilka funkcjonalnych kieszeni &#8211; r\u00f3wnie\u017c z podw\u00f3jnym dost\u0119pem: m.in. na radiostacj\u0119, cargo, na opatrunki, na map\u0119 na plecach oraz na wk\u0142ady ochronne (w \u0142okciach i kolanach).<\/li>\n<li>W jednej z kieszeni wewn\u0119trzny organizer na latark\u0119 lub du\u017cy smartfon.<\/li>\n<li>Funkcjonalne zamki z uchwytami (m.in. w nogawkach do wygodnego ubierania w butach).<\/li>\n<li>Uchwyty ewakuacyjne na plecach i przy nogawkach.<\/li>\n<li>Dedykowane zaczepy na buty oraz uchwyty na \u015bwiat\u0142o chemiczne i radio.<\/li>\n<li>Ta\u015bmy odblaskowe, paski Molle oraz rzepy na emblematy i napisy identyfikacyjne.<\/li>\n<li>Kombinezon ratowniczy dost\u0119pny w r\u00f3\u017cnych opcjach kolorystycznych i materia\u0142owych:<\/li>\n<\/ul>\n<p style=\"text-align: justify;\">&#8211; <strong>Nomex, FR:<\/strong><\/p>\n<p style=\"text-align: justify;\">Onyx Black, Capulet Olive (na zdj\u0119ciu), inny kolor do uzgodnienia.<\/p>\n<p style=\"text-align: justify;\">&#8211; <strong>Cordura, No melt no drip, RipStop:<\/strong><\/p>\n<p style=\"text-align: justify;\">Orange, Wolf Grey, Capulet Olive, Piaskowy (na zdj\u0119ciach),\u00a0 Onyx Black, Ranger Green, Coyote Brown, Navy Blue, inny kolor do uzgodnienia.<\/p>\n<p>&nbsp;<\/p>\n<h3><\/h3>\n<h2><strong>Najwa\u017cniejsze cechy specjalistycznego kombinezonu dla grup poszukiwawczych:<\/strong><\/h2>\n<h4><strong>1. Wytrzyma\u0142o\u015b\u0107 i komfort kombinezonu p-r Kreator:<\/strong><\/h4>\n<p style=\"text-align: justify;\">Kombinezon wykonany jest z mieszanki bawe\u0142ny, poliamidu i elastanu. Bawe\u0142na zapewnia komfort dotyku tkaniny na sk\u00f3rze, poliamid zapewnia wytrzyma\u0142o\u015b\u0107, elastan powoduje poddawanie si\u0119 tkaniny, przez co kombinezon pracuje razem z u\u017cytkownikiem. Taka kompozycja sk\u0142adnik\u00f3w ogranicza topienie si\u0119 tkaniny w sytuacji kr\u00f3tkiego poddania jej dzia\u0142aniu wysokiej temperatury.<\/p>\n<p style=\"text-align: justify;\">Tkanina wykonana jest w splocie ripstop, co z kolei zwi\u0119ksza wytrzyma\u0142o\u015b\u0107 na rozdacie. W miejscach szczeg\u00f3lnie nara\u017conych na przetarcia (\u0142okcie, kolana, wewn\u0119trzne do\u0142y nogawek) naszyte s\u0105 wzmocnienia z cordury. Na siedzeniu naszyto podw\u00f3jnie tkanin\u0119 zasadnicz\u0105.<\/p>\n<p style=\"text-align: justify;\">Kombinezon posiada rozwi\u0105zania konstrukcyjne zwi\u0119kszaj\u0105ce komfort: kontrafa\u0142dy na plecach u\u0142atwiaj\u0105ce schylanie, otwory wentylacyjne pod pachami i w kroku. W kieszeniach bocznych ci\u0119tych wszyte s\u0105 zamki daj\u0105ce mo\u017cliwo\u015b\u0107 wentylacji.<\/p>\n<p>Na kolanach i \u0142okciach, wewn\u0105trz specjalnych kieszeni, mo\u017cna zamocowa\u0107 ochraniacze z pianki EVA.<\/p>\n<p style=\"text-align: justify;\">Do\u0142y nogawek mo\u017cna zamocowa\u0107 do sznur\u00f3wek but\u00f3w, dzi\u0119ki hakom chowanym w kieszonkach, w przedniej cz\u0119\u015bci do\u0142u nogawek. Haki zamocowane s\u0105 na gumach utrzymuj\u0105cych elastyczno\u015b\u0107 mocowania.<\/p>\n<h4><strong>2. Dopasowanie do sylwetki kombinezonu dla stra\u017cak\u00f3w:<\/strong><\/h4>\n<p style=\"text-align: justify;\">Kombinezon zapewnia wiele punkt\u00f3w regulacyjnych umo\u017cliwiaj\u0105cych dopasowanie do sylwetki. S\u0105 to gumy w dole mankiet\u00f3w i patki reguluj\u0105ce obw\u00f3d do\u0142u r\u0119kawa, gumy w dole nogawek i patki reguluj\u0105ce obw\u00f3d do\u0142u nogawki, gum\u0119 reguluj\u0105c\u0105 obw\u00f3d pasa, szelki o regulowanej d\u0142ugo\u015bci utrzymuj\u0105ce ci\u0119\u017car kombinezonu na ramionach, kaptur regulowany na g\u0142\u0119boko\u015b\u0107 i o regulowanym obwodzie, patki reguluj\u0105ce obw\u00f3d nogawek na wysoko\u015bci kolana.<\/p>\n<p style=\"text-align: justify;\">Dodatkowo, wewn\u0105trz nogawek, zainstalowane s\u0105 ta\u015bmy podci\u0105gaj\u0105ce kolano do g\u00f3ry, kt\u00f3re mo\u017cna regulowa\u0107 zapi\u0119ciem na guzik, wewn\u0105trz kieszeni bocznych.<\/p>\n<h4><strong>3. Jeszcze raz komfort \u2013 czyli \u0142atwe zak\u0142adanie kombinezonu typu USAR:<\/strong><\/h4>\n<p style=\"text-align: justify;\">Dzi\u0119ki zamkom b\u0142yskawicznym w dole r\u0119kaw\u00f3w i dole nogawek, kombinezon mo\u017cna zdj\u0105\u0107 lub za\u0142o\u017cy\u0107 bez zdejmowania but\u00f3w czy r\u0119kawic. Zb\u0119dny kaptur mo\u017cna schowa\u0107 w st\u00f3jce.<\/p>\n<p style=\"text-align: justify;\">Potrzeby fizjologiczne mo\u017cna za\u0142atwia\u0107 dzi\u0119ki zamkowi z przodu otwieranemu r\u00f3wnie\u017c od do\u0142u. Suwaki zamk\u00f3w zaopatrzone s\u0105 w pullery wykonane z tkaniny zasadniczej, u\u0142atwiaj\u0105ce chwytanie w r\u0119kawicach.<\/p>\n<h4><strong>4. Praktyczno\u015b\u0107 i przechowywanie kombinezonu dla ratownik\u00f3w:<\/strong><\/h4>\n<p style=\"text-align: justify;\">W g\u00f3rnej cz\u0119\u015bci lewego przodu naszyta jest p\u0119tla do mocowania radiotelefonu. Na przodzie kombinezony s\u0105 dwie kieszenie ci\u0119te, zapinane na pionowo wszyte zamki (np. do przechowywania dokument\u00f3w).<\/p>\n<p style=\"text-align: justify;\">Obok kieszeni ci\u0119tych s\u0105 dwie kieszenie nak\u0142adane zapinane na sko\u015bne zamki b\u0142yskawiczne. Kieszenie te maj\u0105 mieszki zwi\u0119kszaj\u0105ce obj\u0119to\u015b\u0107 kieszeni, oraz wszyte wewn\u0105trz kieszeni uchwyty D-ring i dwie kieszonki organizera, naszyte na p\u0142asko na tkaninie przodu.<\/p>\n<p style=\"text-align: justify;\">Kieszenie r\u0119kawa zosta\u0142y podzielone na kiesze\u0144 nak\u0142adan\u0105 z mieszkiem i kiesze\u0144 p\u0142ask\u0105 zamykan\u0105 na zamek. Kieszenie z mieszkiem maj\u0105 zapi\u0119cie na rzep tak zaprojektowane, \u017ce dzia\u0142a zar\u00f3wno przy pustej, jak i wypchanej kieszeni.<\/p>\n<p style=\"text-align: justify;\">Na plecach umieszczona jest obszerna p\u0142aska kiesze\u0144 zapinana na zamki, z dost\u0119pem z obu stron. Przeznaczeniem tej kieszeni jest np. przechowywanie mapy czy notatnika. Tu\u017c pod pasem znajduj\u0105 si\u0119 kieszenie ci\u0119te, umieszczone tak jak w tradycyjnych spodniach. To w tych kieszeniach znajduj\u0105 si\u0119 guziki regulatora wysoko\u015bci kolana oraz dodatkowe zamki otwieraj\u0105ce dost\u0119p do wn\u0119trza kombinezonu, kt\u00f3re s\u0105 punktami wentylacyjnymi.<\/p>\n<p style=\"text-align: justify;\">Na tyle spodni umieszczone s\u0105 kieszenie ci\u0119te po skosie zamykane na rzepy. Klasyczne kieszenie cargo na udach \u2013 w naszej wersji s\u0105 zapinane na rzepy i na dwa guziki kanadyjskie. Wewn\u0105trz kieszeni znajdziemy uchwyt D-ring oraz dwie kieszonki organizera naszyte na p\u0142asko. Patk\u0119 kieszeni cargo mo\u017cna zamocowa\u0107 wewn\u0105trz kieszeni \u2013 tak, aby nie ogranicza\u0142a dost\u0119pu do kieszeni.<\/p>\n<p style=\"text-align: justify;\">Na \u0142ydkach wyst\u0119puj\u0105 dodatkowe kieszenie opatrunkowe na staz\u0119. W kombinezonie naszyte s\u0105 kieszenie z mieszkiem i niewielk\u0105 kontrafa\u0142d\u0105, zamykane na patk\u0119 za pomoc\u0105 rzep\u00f3w.<\/p>\n<h4><strong>5. Widoczno\u015b\u0107 i oznaczenia kombinezonu specjalistycznego:<\/strong><\/h4>\n<p style=\"text-align: justify;\">Kombinezon mo\u017ce by\u0107 wykonany w dobrze widocznych kolorach (np. czerwonym czy pomara\u0144czowym).<\/p>\n<p style=\"text-align: justify;\">Na plecach, na przodzie, na dole r\u0119kaw\u00f3w i na dole nogawek, naszyte s\u0105 ta\u015bmy odblaskowe o szeroko\u015bci 5 cm, zapewniaj\u0105ce wysok\u0105 widoczno\u015b\u0107 podczas o\u015bwietlenia w warunkach nocnych. W tylnej cz\u0119\u015bci kieszeni r\u0119kawa wszyte s\u0105 gumki umo\u017cliwiaj\u0105ce za\u0142o\u017cenie \u015bwiat\u0142a chemicznego.<\/p>\n<p>W g\u00f3rnej cz\u0119\u015bci r\u0119kawa naszyte s\u0105 flagi Polski.<\/p>\n<p>Na plecach naszyte s\u0105 rzepy umo\u017cliwiaj\u0105ce monta\u017c patcha 34&#215;10 cm (np. z napisem USAR czy PA\u0143STWOWA STRA\u017b PO\u017bARNA).<\/p>\n<p>Na piersiach naszyte s\u0105 rzepy mi\u0119kkie 5&#215;9 cm do monta\u017cu patchy (np. z nazwiskiem).<\/p>\n<p style=\"text-align: justify;\">Na patkach i kieszeniach na r\u0119kawach naszyte s\u0105 zestawy ta\u015bm z rzepami mi\u0119kkimi umo\u017cliwiaj\u0105cych r\u00f3\u017cne rozwi\u0105zania: na\u0142o\u017cenia patchy lub skorzystania z pask\u00f3w Molle.<\/p>\n<h4><strong>6. Ewakuacja w razie niebezpiecze\u0144stwa w kombinezonie dla PSP i OSP:<\/strong><\/h4>\n<p style=\"text-align: justify;\">Kombinezon posiada wyj\u0105tkow\u0105 funkcj\u0119 umo\u017cliwiaj\u0105c\u0105 ewakuacj\u0119 ze szczelin czy miejsc trudno dost\u0119pnych. W konstrukcj\u0119 kombinezonu wszyta jest ta\u015bma no\u015bna ewakuacyjna.<\/p>\n<p style=\"text-align: justify;\">Ta\u015bma ma jeden uchwyt na tyle plec\u00f3w i po jednym uchwycie na dole ty\u0142u nogawek.<\/p>\n<p style=\"text-align: justify;\">Wszystkie uchwyty s\u0105 zabezpieczone przed przypadkowym zaczepieniem si\u0119 za pomoc\u0105 ta\u015bm samosczepnych, a w dole nogawek dodatkow\u0105 fa\u0142d\u0105 tkaniny.<\/p>\n<p>&nbsp;<\/p>\n<h4><strong>Kombinezon specjalistycznej grupy ratowniczej znajduje si\u0119 na listach wyposa\u017cenia osobistego i ochronnego, kt\u00f3re s\u0105 obj\u0119te dotacjami KSRG i MSWiA na sprz\u0119t dla jednostek OSP i PSP.<\/strong><\/h4>\n","protected":false},"excerpt":{"rendered":"<p style=\"font-weight: 400; text-align: justify;\"><strong>Jednocz\u0119\u015bciowy kombinezon dla Grup Poszukiwawczo-Ratowniczych &#8211; przeznaczony do dzia\u0142a\u0144 technicznych, taktycznych, w gruzowiskach, tunelach i innych trudnych warunkach.<br \/>\n<\/strong><\/p>\n<p style=\"font-weight: 400; text-align: justify;\"><strong>Kombinezon ratowniczy z kapturem na kask (lub bez kaptura), z wentylacjami, regulacjami i wzmocnieniami z Cordury.<\/strong><\/p>\n<p style=\"text-align: justify;\">Opcje kolorystyczne i materia\u0142owe kombinezonu GPR:<\/p>\n<ul style=\"text-align: justify;\">\n<li><strong>Nomex, FR: <\/strong>Capulet Olive (na zdj\u0119ciu), Onyx Black, inny kolor do uzgodnienia.<\/li>\n<\/ul>\n<ul style=\"text-align: justify;\">\n<li><strong>Cordura, No melt no drip, RipStop: <\/strong>Orange, Wolf Grey, Capulet Olive, Piaskowy (na zdj\u0119ciach), Onyx Black, Ranger Green, Coyote Brown, Navy Blue, inny kolor do uzgodnienia.<\/li>\n<\/ul>\n<p style=\"text-align: justify;\">Aby zam\u00f3wi\u0107 zadzwo\u0144: <strong><span style=\"color: #d83131;\"><a href=\"tel: +48604117337\">+48 604 117 337<\/a><\/span><\/strong><\/p>\n<p style=\"text-align: justify;\">lub <a href=\"mailto:j.dabrowski@kreatortorun.pl\" class=\"button alert is-alert is-medium\" >\n\t\t<span>ZAPYTAJ<\/span>\n\t<\/a>\n\n<p style=\"text-align: justify;\">Produkt na zam\u00f3wienie specjalne.<\/p>\n","protected":false},"featured_media":21642,"template":"","meta":[],"product_brand":[],"product_cat":[220,85,170],"product_tag":[171,209],"class_list":{"0":"post-19508","1":"product","2":"type-product","3":"status-publish","4":"has-post-thumbnail","6":"product_cat-kombinezon-p-r","7":"product_cat-wojska-ladowe","8":"product_cat-panstwowa-straz-pozarna","9":"product_tag-psp","10":"product_tag-ws","11":"pa_data-90-dni","13":"first","14":"onbackorder","15":"taxable","16":"shipping-taxable","17":"product-type-simple"},"yoast_head":"<!-- This site is optimized with the Yoast SEO plugin v27.3 - https:\/\/yoast.com\/product\/yoast-seo-wordpress\/ -->\n<title>Kombinezon poszukiwawczo-ratowniczy - Kreator Toru\u0144<\/title>\n<meta name=\"description\" content=\"Kombinezon model USAR dla Grup Poszukiwawczo-Ratowniczych i dzia\u0142a\u0144 technicznych, w gruzowiskach, tunelach i innych trudnych warunkach.\" \/>\n<meta name=\"robots\" content=\"index, follow, max-snippet:-1, max-image-preview:large, max-video-preview:-1\" \/>\n<link rel=\"canonical\" href=\"https:\/\/kreatortorun.pl\/produkt\/kombinezon-poszukiwawczo-ratowniczy\/\" \/>\n<meta property=\"og:locale\" content=\"en_US\" \/>\n<meta property=\"og:type\" content=\"article\" \/>\n<meta property=\"og:title\" content=\"Kombinezon poszukiwawczo-ratowniczy - Kreator Toru\u0144\" \/>\n<meta property=\"og:description\" content=\"Kombinezon model USAR dla Grup Poszukiwawczo-Ratowniczych i dzia\u0142a\u0144 technicznych, w gruzowiskach, tunelach i innych trudnych warunkach.\" \/>\n<meta property=\"og:url\" content=\"https:\/\/kreatortorun.pl\/produkt\/kombinezon-poszukiwawczo-ratowniczy\/\" \/>\n<meta property=\"og:site_name\" content=\"Kreator Toru\u0144\" \/>\n<meta property=\"article:publisher\" content=\"https:\/\/www.facebook.com\/torun.kreator\" \/>\n<meta property=\"article:modified_time\" content=\"2026-03-17T12:14:21+00:00\" \/>\n<meta property=\"og:image\" content=\"https:\/\/kreatortorun.pl\/wp-content\/uploads\/2025\/05\/szary-i-pom-glowy-3b.jpg\" \/>\n\t<meta property=\"og:image:width\" content=\"1024\" \/>\n\t<meta property=\"og:image:height\" content=\"1024\" \/>\n\t<meta property=\"og:image:type\" content=\"image\/jpeg\" \/>\n<meta name=\"twitter:card\" content=\"summary_large_image\" \/>\n<meta name=\"twitter:label1\" content=\"Est. reading time\" \/>\n\t<meta name=\"twitter:data1\" content=\"7 minutes\" \/>\n<script type=\"application\/ld+json\" class=\"yoast-schema-graph\">{\"@context\":\"https:\\\/\\\/schema.org\",\"@graph\":[{\"@type\":\"WebPage\",\"@id\":\"https:\\\/\\\/kreatortorun.pl\\\/produkt\\\/kombinezon-poszukiwawczo-ratowniczy\\\/\",\"url\":\"https:\\\/\\\/kreatortorun.pl\\\/produkt\\\/kombinezon-poszukiwawczo-ratowniczy\\\/\",\"name\":\"Kombinezon poszukiwawczo-ratowniczy - Kreator Toru\u0144\",\"isPartOf\":{\"@id\":\"https:\\\/\\\/kreatortorun.pl\\\/#website\"},\"primaryImageOfPage\":{\"@id\":\"https:\\\/\\\/kreatortorun.pl\\\/produkt\\\/kombinezon-poszukiwawczo-ratowniczy\\\/#primaryimage\"},\"image\":{\"@id\":\"https:\\\/\\\/kreatortorun.pl\\\/produkt\\\/kombinezon-poszukiwawczo-ratowniczy\\\/#primaryimage\"},\"thumbnailUrl\":\"https:\\\/\\\/kreatortorun.pl\\\/wp-content\\\/uploads\\\/2025\\\/05\\\/szary-i-pom-glowy-3b.jpg\",\"datePublished\":\"2025-04-17T11:25:51+00:00\",\"dateModified\":\"2026-03-17T12:14:21+00:00\",\"description\":\"Kombinezon model USAR dla Grup Poszukiwawczo-Ratowniczych i dzia\u0142a\u0144 technicznych, w gruzowiskach, tunelach i innych trudnych warunkach.\",\"breadcrumb\":{\"@id\":\"https:\\\/\\\/kreatortorun.pl\\\/produkt\\\/kombinezon-poszukiwawczo-ratowniczy\\\/#breadcrumb\"},\"inLanguage\":\"en-US\",\"potentialAction\":[{\"@type\":\"ReadAction\",\"target\":[\"https:\\\/\\\/kreatortorun.pl\\\/produkt\\\/kombinezon-poszukiwawczo-ratowniczy\\\/\"]}]},{\"@type\":\"ImageObject\",\"inLanguage\":\"en-US\",\"@id\":\"https:\\\/\\\/kreatortorun.pl\\\/produkt\\\/kombinezon-poszukiwawczo-ratowniczy\\\/#primaryimage\",\"url\":\"https:\\\/\\\/kreatortorun.pl\\\/wp-content\\\/uploads\\\/2025\\\/05\\\/szary-i-pom-glowy-3b.jpg\",\"contentUrl\":\"https:\\\/\\\/kreatortorun.pl\\\/wp-content\\\/uploads\\\/2025\\\/05\\\/szary-i-pom-glowy-3b.jpg\",\"width\":1024,\"height\":1024},{\"@type\":\"BreadcrumbList\",\"@id\":\"https:\\\/\\\/kreatortorun.pl\\\/produkt\\\/kombinezon-poszukiwawczo-ratowniczy\\\/#breadcrumb\",\"itemListElement\":[{\"@type\":\"ListItem\",\"position\":1,\"name\":\"Strona g\u0142\u00f3wna\",\"item\":\"https:\\\/\\\/kreatortorun.pl\\\/en\\\/\"},{\"@type\":\"ListItem\",\"position\":2,\"name\":\"Shop\",\"item\":\"https:\\\/\\\/kreatortorun.pl\\\/en\\\/shop\\\/\"},{\"@type\":\"ListItem\",\"position\":3,\"name\":\"Kombinezon poszukiwawczo-ratowniczy\"}]},{\"@type\":\"WebSite\",\"@id\":\"https:\\\/\\\/kreatortorun.pl\\\/#website\",\"url\":\"https:\\\/\\\/kreatortorun.pl\\\/\",\"name\":\"Kreator Toru\u0144\",\"description\":\"Producent mundur\u00f3w, kombinezon\u00f3w i odzie\u017cy taktycznej\",\"publisher\":{\"@id\":\"https:\\\/\\\/kreatortorun.pl\\\/#organization\"},\"potentialAction\":[{\"@type\":\"SearchAction\",\"target\":{\"@type\":\"EntryPoint\",\"urlTemplate\":\"https:\\\/\\\/kreatortorun.pl\\\/?s={search_term_string}\"},\"query-input\":{\"@type\":\"PropertyValueSpecification\",\"valueRequired\":true,\"valueName\":\"search_term_string\"}}],\"inLanguage\":\"en-US\"},{\"@type\":\"Organization\",\"@id\":\"https:\\\/\\\/kreatortorun.pl\\\/#organization\",\"name\":\"Kreator Toru\u0144\",\"url\":\"https:\\\/\\\/kreatortorun.pl\\\/\",\"logo\":{\"@type\":\"ImageObject\",\"inLanguage\":\"en-US\",\"@id\":\"https:\\\/\\\/kreatortorun.pl\\\/#\\\/schema\\\/logo\\\/image\\\/\",\"url\":\"https:\\\/\\\/kreatortorun.pl\\\/wp-content\\\/uploads\\\/2024\\\/02\\\/cropped-kreator-logo-favicon.png\",\"contentUrl\":\"https:\\\/\\\/kreatortorun.pl\\\/wp-content\\\/uploads\\\/2024\\\/02\\\/cropped-kreator-logo-favicon.png\",\"width\":512,\"height\":512,\"caption\":\"Kreator Toru\u0144\"},\"image\":{\"@id\":\"https:\\\/\\\/kreatortorun.pl\\\/#\\\/schema\\\/logo\\\/image\\\/\"},\"sameAs\":[\"https:\\\/\\\/www.facebook.com\\\/torun.kreator\",\"https:\\\/\\\/www.youtube.com\\\/@kreatortorun1862\"]}]}<\/script>\n<!-- \/ Yoast SEO plugin. -->","yoast_head_json":{"title":"Kombinezon poszukiwawczo-ratowniczy - Kreator Toru\u0144","description":"Kombinezon model USAR dla Grup Poszukiwawczo-Ratowniczych i dzia\u0142a\u0144 technicznych, w gruzowiskach, tunelach i innych trudnych warunkach.","robots":{"index":"index","follow":"follow","max-snippet":"max-snippet:-1","max-image-preview":"max-image-preview:large","max-video-preview":"max-video-preview:-1"},"canonical":"https:\/\/kreatortorun.pl\/produkt\/kombinezon-poszukiwawczo-ratowniczy\/","og_locale":"en_US","og_type":"article","og_title":"Kombinezon poszukiwawczo-ratowniczy - Kreator Toru\u0144","og_description":"Kombinezon model USAR dla Grup Poszukiwawczo-Ratowniczych i dzia\u0142a\u0144 technicznych, w gruzowiskach, tunelach i innych trudnych warunkach.","og_url":"https:\/\/kreatortorun.pl\/produkt\/kombinezon-poszukiwawczo-ratowniczy\/","og_site_name":"Kreator Toru\u0144","article_publisher":"https:\/\/www.facebook.com\/torun.kreator","article_modified_time":"2026-03-17T12:14:21+00:00","og_image":[{"width":1024,"height":1024,"url":"https:\/\/kreatortorun.pl\/wp-content\/uploads\/2025\/05\/szary-i-pom-glowy-3b.jpg","type":"image\/jpeg"}],"twitter_card":"summary_large_image","twitter_misc":{"Est. reading time":"7 minutes"},"schema":{"@context":"https:\/\/schema.org","@graph":[{"@type":"WebPage","@id":"https:\/\/kreatortorun.pl\/produkt\/kombinezon-poszukiwawczo-ratowniczy\/","url":"https:\/\/kreatortorun.pl\/produkt\/kombinezon-poszukiwawczo-ratowniczy\/","name":"Kombinezon poszukiwawczo-ratowniczy - Kreator Toru\u0144","isPartOf":{"@id":"https:\/\/kreatortorun.pl\/#website"},"primaryImageOfPage":{"@id":"https:\/\/kreatortorun.pl\/produkt\/kombinezon-poszukiwawczo-ratowniczy\/#primaryimage"},"image":{"@id":"https:\/\/kreatortorun.pl\/produkt\/kombinezon-poszukiwawczo-ratowniczy\/#primaryimage"},"thumbnailUrl":"https:\/\/kreatortorun.pl\/wp-content\/uploads\/2025\/05\/szary-i-pom-glowy-3b.jpg","datePublished":"2025-04-17T11:25:51+00:00","dateModified":"2026-03-17T12:14:21+00:00","description":"Kombinezon model USAR dla Grup Poszukiwawczo-Ratowniczych i dzia\u0142a\u0144 technicznych, w gruzowiskach, tunelach i innych trudnych warunkach.","breadcrumb":{"@id":"https:\/\/kreatortorun.pl\/produkt\/kombinezon-poszukiwawczo-ratowniczy\/#breadcrumb"},"inLanguage":"en-US","potentialAction":[{"@type":"ReadAction","target":["https:\/\/kreatortorun.pl\/produkt\/kombinezon-poszukiwawczo-ratowniczy\/"]}]},{"@type":"ImageObject","inLanguage":"en-US","@id":"https:\/\/kreatortorun.pl\/produkt\/kombinezon-poszukiwawczo-ratowniczy\/#primaryimage","url":"https:\/\/kreatortorun.pl\/wp-content\/uploads\/2025\/05\/szary-i-pom-glowy-3b.jpg","contentUrl":"https:\/\/kreatortorun.pl\/wp-content\/uploads\/2025\/05\/szary-i-pom-glowy-3b.jpg","width":1024,"height":1024},{"@type":"BreadcrumbList","@id":"https:\/\/kreatortorun.pl\/produkt\/kombinezon-poszukiwawczo-ratowniczy\/#breadcrumb","itemListElement":[{"@type":"ListItem","position":1,"name":"Strona g\u0142\u00f3wna","item":"https:\/\/kreatortorun.pl\/en\/"},{"@type":"ListItem","position":2,"name":"Shop","item":"https:\/\/kreatortorun.pl\/en\/shop\/"},{"@type":"ListItem","position":3,"name":"Kombinezon poszukiwawczo-ratowniczy"}]},{"@type":"WebSite","@id":"https:\/\/kreatortorun.pl\/#website","url":"https:\/\/kreatortorun.pl\/","name":"Kreator Toru\u0144","description":"Producent mundur\u00f3w, kombinezon\u00f3w i odzie\u017cy taktycznej","publisher":{"@id":"https:\/\/kreatortorun.pl\/#organization"},"potentialAction":[{"@type":"SearchAction","target":{"@type":"EntryPoint","urlTemplate":"https:\/\/kreatortorun.pl\/?s={search_term_string}"},"query-input":{"@type":"PropertyValueSpecification","valueRequired":true,"valueName":"search_term_string"}}],"inLanguage":"en-US"},{"@type":"Organization","@id":"https:\/\/kreatortorun.pl\/#organization","name":"Kreator Toru\u0144","url":"https:\/\/kreatortorun.pl\/","logo":{"@type":"ImageObject","inLanguage":"en-US","@id":"https:\/\/kreatortorun.pl\/#\/schema\/logo\/image\/","url":"https:\/\/kreatortorun.pl\/wp-content\/uploads\/2024\/02\/cropped-kreator-logo-favicon.png","contentUrl":"https:\/\/kreatortorun.pl\/wp-content\/uploads\/2024\/02\/cropped-kreator-logo-favicon.png","width":512,"height":512,"caption":"Kreator Toru\u0144"},"image":{"@id":"https:\/\/kreatortorun.pl\/#\/schema\/logo\/image\/"},"sameAs":["https:\/\/www.facebook.com\/torun.kreator","https:\/\/www.youtube.com\/@kreatortorun1862"]}]}},"_links":{"self":[{"href":"https:\/\/kreatortorun.pl\/en\/wp-json\/wp\/v2\/product\/19508","targetHints":{"allow":["GET"]}}],"collection":[{"href":"https:\/\/kreatortorun.pl\/en\/wp-json\/wp\/v2\/product"}],"about":[{"href":"https:\/\/kreatortorun.pl\/en\/wp-json\/wp\/v2\/types\/product"}],"wp:featuredmedia":[{"embeddable":true,"href":"https:\/\/kreatortorun.pl\/en\/wp-json\/wp\/v2\/media\/21642"}],"wp:attachment":[{"href":"https:\/\/kreatortorun.pl\/en\/wp-json\/wp\/v2\/media?parent=19508"}],"wp:term":[{"taxonomy":"product_brand","embeddable":true,"href":"https:\/\/kreatortorun.pl\/en\/wp-json\/wp\/v2\/product_brand?post=19508"},{"taxonomy":"product_cat","embeddable":true,"href":"https:\/\/kreatortorun.pl\/en\/wp-json\/wp\/v2\/product_cat?post=19508"},{"taxonomy":"product_tag","embeddable":true,"href":"https:\/\/kreatortorun.pl\/en\/wp-json\/wp\/v2\/product_tag?post=19508"}],"curies":[{"name":"wp","href":"https:\/\/api.w.org\/{rel}","templated":true}]}}