{"id":23137,"date":"2025-10-03T07:40:41","date_gmt":"2025-10-03T07:40:41","guid":{"rendered":"https:\/\/kreatortorun.pl\/?post_type=product&#038;p=23137"},"modified":"2025-11-27T10:49:35","modified_gmt":"2025-11-27T10:49:35","slug":"komin-antyprzecieciowy-i-antyprzebiciowy-fr","status":"publish","type":"product","link":"https:\/\/kreatortorun.pl\/en\/produkt\/komin-antyprzecieciowy-i-antyprzebiciowy-fr\/","title":{"rendered":"Komin antyprzeci\u0119ciowy i antyprzebiciowy FR"},"content":{"rendered":"<h1>Komin antyprzeci\u0119ciowy, komin antyprzebiciowy i komin trudnopalny<\/h1>\n<p>Innowacyjny komin ochronny 3w1 (trudnopalny, antyprzeci\u0119ciowy i antyprzebiciowy).<\/p>\n<p>Komin ochronny na szyj\u0119 zaprojektowany przez firm\u0119 Kreator to pierwsze tego typu rozwi\u0105zanie na polskim rynku. Poza funkcjami typowego komina (os\u0142ona twarzy i ochrona przed zimnem) zapewnia\u00a0trudnopalno\u015b\u0107, antyprzeci\u0119ciowo\u015b\u0107 i antyprzebiciowo\u015b\u0107, zwi\u0119kszaj\u0105c poziom bezpiecze\u0144stwa w obszarach niechronionych kaskiem czy kamizelk\u0105.<\/p>\n<p>Komin trudnopalny zaprojektowany specjalnie z my\u015bl\u0105 o funkcjonariuszach policji i innych s\u0142u\u017cbach mundurowych, stanowi skuteczn\u0105 barier\u0119 nie tylko przed atakami no\u017cownik\u00f3w, ale r\u00f3wnie\u017c podczas kontaktu z materia\u0142ami palnymi czy odpryskami element\u00f3w ostrych.<\/p>\n<p style=\"text-align: justify;\">Komin antyno\u017cowy przeznaczony jest zar\u00f3wno dla s\u0142u\u017cb mundurowych, jak i paramundurowych oraz wszystkich os\u00f3b potrzebuj\u0105cych uniwersalnej ochrony szyi i karku.<\/p>\n<p style=\"text-align: justify;\">Ko\u0142nierz w kolorze czarnym jest uniwersalny i pasuje do wszystkich mundur\u00f3w i kombinezon\u00f3w w ciemnym kolorze. Ko\u0142nierz w kolorze oliwkowym przeznaczony jest do mundur\u00f3w bojowych i polowych w kamufla\u017cu (m.in. Pantera, Multicam, SG14).<\/p>\n<p>&nbsp;<\/p>\n<h2>Najwa\u017cniejsze parametry techniczne czarnego komina Kreator:<\/h2>\n<p>&#8211; odporno\u015b\u0107 na przebicia: poziom 3 (w skali 1-4 EN 388),<\/p>\n<p>&#8211; odporno\u015b\u0107 na przeci\u0119cia: poziom E (w skali A-F EN 388),<\/p>\n<p>&#8211; wytrzyma\u0142o\u015b\u0107 na rozdarcie: 300 kPA (ISO 13938-13\/),<\/p>\n<p>&#8211; czas palenia: poni\u017cej 2s (klasa A wg PN-EN ISO 15025),<\/p>\n<p>&#8211; odporno\u015b\u0107 na dzia\u0142anie potu: poziom 4 (w skali 1-5),<\/p>\n<p>&#8211; przepuszczalno\u015b\u0107 powietrza: 400 l\/m\u00b2\/sec.<\/p>\n<p>&nbsp;<\/p>\n<h2>Funkcjonalno\u015bci komina FR:<\/h2>\n<p>&#8211; ochronna (przez zimnem, wiatrem, s\u0142o\u0144cem, py\u0142em, dymem, od\u0142amkami, ostrymi narz\u0119dziami czy owadami),<\/p>\n<p>&#8211; anonimizacyjna (zakrycie twarzy podczas np. dzia\u0142a\u0144 interwencyjnych),<\/p>\n<p>&#8211; u\u017cytkowa (komin mo\u017cna nosi\u0107 jako ko\u0142nierz, szalik, czapk\u0119 czy opask\u0119).<\/p>\n<p>&nbsp;<\/p>\n<p>Ten nowoczesny ko\u0142nierz antyno\u017cowy powsta\u0142 w oparciu o realne potrzeby u\u017cytkownik\u00f3w \u2013 zapewnia maksymalne bezpiecze\u0144stwo, a jednocze\u015bnie gwarantuje komfort u\u017cytkowania i swobod\u0119 oddychania &#8211; r\u00f3wnie\u017c w trudnych warunkach.<\/p>\n<p>Komin ochronny 3w1 firmy Kreator dost\u0119pny jest w kolorze czarnym i oliwkowym, w 2 rozmiarach: S\/M i L\/XL.<\/p>\n<p>To innowacja, kt\u00f3ra wyznacza nowy standard w ochronie osobistej.<\/p>\n<p>&nbsp;<\/p>\n","protected":false},"excerpt":{"rendered":"<p style=\"text-align: justify;\">Ognioodporny komin antyprzeci\u0119ciowy i antyprzebiciowy jest produktem uniwersalnym, \u0142\u0105cz\u0105cym w sobie funkcje przydatne w r\u00f3\u017cnych sytuacjach.<\/p>\n<p style=\"text-align: justify;\">Aby zam\u00f3wi\u0107 zadzwo\u0144: <strong><span style=\"color: #d83131;\"><a href=\"tel: +48604117337\">+48 604 117 337<\/a><\/span><\/strong><\/p>\n<p style=\"text-align: justify;\">lub <a href=\"mailto:j.dabrowski@kreatortorun.pl\" class=\"button alert is-alert is-medium\" >\n\t\t<span>ZAPYTAJ<\/span>\n\t<\/a>\n\n<p style=\"text-align: justify;\">Produkt na zam\u00f3wienie specjalne.<\/p>\n","protected":false},"featured_media":23674,"template":"","meta":[],"product_brand":[],"product_cat":[220,155,85,156,170],"product_tag":[166,190,209],"class_list":{"0":"post-23137","1":"product","2":"type-product","3":"status-publish","4":"has-post-thumbnail","6":"product_cat-kombinezon-p-r","7":"product_cat-akcesoria-meskie-policja","8":"product_cat-wojska-ladowe","9":"product_cat-akcesoria-damskie-policja","10":"product_cat-panstwowa-straz-pozarna","11":"product_tag-policja","12":"product_tag-pol","13":"product_tag-ws","15":"first","16":"instock","17":"taxable","18":"shipping-taxable","19":"product-type-variable","20":"has-default-attributes"},"yoast_head":"<!-- This site is optimized with the Yoast SEO plugin v27.3 - https:\/\/yoast.com\/product\/yoast-seo-wordpress\/ -->\n<title>Komin antyprzeci\u0119ciowy i antyprzebiciowy FR - Kreator Toru\u0144<\/title>\n<meta name=\"description\" content=\"Komin 3w1: komin antyprzeci\u0119ciowy, komin trudnopalny i komin antyprzebiciowy.\" \/>\n<meta name=\"robots\" content=\"index, follow, max-snippet:-1, max-image-preview:large, max-video-preview:-1\" \/>\n<link rel=\"canonical\" href=\"https:\/\/kreatortorun.pl\/produkt\/komin-antyprzecieciowy-i-antyprzebiciowy-fr\/\" \/>\n<meta property=\"og:locale\" content=\"en_US\" \/>\n<meta property=\"og:type\" content=\"article\" \/>\n<meta property=\"og:title\" content=\"Komin antyprzeci\u0119ciowy i antyprzebiciowy FR - Kreator Toru\u0144\" \/>\n<meta property=\"og:description\" content=\"Komin 3w1: komin antyprzeci\u0119ciowy, komin trudnopalny i komin antyprzebiciowy.\" \/>\n<meta property=\"og:url\" content=\"https:\/\/kreatortorun.pl\/produkt\/komin-antyprzecieciowy-i-antyprzebiciowy-fr\/\" \/>\n<meta property=\"og:site_name\" content=\"Kreator Toru\u0144\" \/>\n<meta property=\"article:publisher\" content=\"https:\/\/www.facebook.com\/torun.kreator\" \/>\n<meta property=\"article:modified_time\" content=\"2025-11-27T10:49:35+00:00\" \/>\n<meta property=\"og:image\" content=\"https:\/\/kreatortorun.pl\/wp-content\/uploads\/2025\/10\/czarna-komin-przod-1.jpg\" \/>\n\t<meta property=\"og:image:width\" content=\"1200\" \/>\n\t<meta property=\"og:image:height\" content=\"1200\" \/>\n\t<meta property=\"og:image:type\" content=\"image\/jpeg\" \/>\n<meta name=\"twitter:card\" content=\"summary_large_image\" \/>\n<meta name=\"twitter:label1\" content=\"Est. reading time\" \/>\n\t<meta name=\"twitter:data1\" content=\"2 minutes\" \/>\n<script type=\"application\/ld+json\" class=\"yoast-schema-graph\">{\"@context\":\"https:\\\/\\\/schema.org\",\"@graph\":[{\"@type\":\"WebPage\",\"@id\":\"https:\\\/\\\/kreatortorun.pl\\\/produkt\\\/komin-antyprzecieciowy-i-antyprzebiciowy-fr\\\/\",\"url\":\"https:\\\/\\\/kreatortorun.pl\\\/produkt\\\/komin-antyprzecieciowy-i-antyprzebiciowy-fr\\\/\",\"name\":\"Komin antyprzeci\u0119ciowy i antyprzebiciowy FR - Kreator Toru\u0144\",\"isPartOf\":{\"@id\":\"https:\\\/\\\/kreatortorun.pl\\\/#website\"},\"primaryImageOfPage\":{\"@id\":\"https:\\\/\\\/kreatortorun.pl\\\/produkt\\\/komin-antyprzecieciowy-i-antyprzebiciowy-fr\\\/#primaryimage\"},\"image\":{\"@id\":\"https:\\\/\\\/kreatortorun.pl\\\/produkt\\\/komin-antyprzecieciowy-i-antyprzebiciowy-fr\\\/#primaryimage\"},\"thumbnailUrl\":\"https:\\\/\\\/kreatortorun.pl\\\/wp-content\\\/uploads\\\/2025\\\/10\\\/czarna-komin-przod-1.jpg\",\"datePublished\":\"2025-10-03T07:40:41+00:00\",\"dateModified\":\"2025-11-27T10:49:35+00:00\",\"description\":\"Komin 3w1: komin antyprzeci\u0119ciowy, komin trudnopalny i komin antyprzebiciowy.\",\"breadcrumb\":{\"@id\":\"https:\\\/\\\/kreatortorun.pl\\\/produkt\\\/komin-antyprzecieciowy-i-antyprzebiciowy-fr\\\/#breadcrumb\"},\"inLanguage\":\"en-US\",\"potentialAction\":[{\"@type\":\"ReadAction\",\"target\":[\"https:\\\/\\\/kreatortorun.pl\\\/produkt\\\/komin-antyprzecieciowy-i-antyprzebiciowy-fr\\\/\"]}]},{\"@type\":\"ImageObject\",\"inLanguage\":\"en-US\",\"@id\":\"https:\\\/\\\/kreatortorun.pl\\\/produkt\\\/komin-antyprzecieciowy-i-antyprzebiciowy-fr\\\/#primaryimage\",\"url\":\"https:\\\/\\\/kreatortorun.pl\\\/wp-content\\\/uploads\\\/2025\\\/10\\\/czarna-komin-przod-1.jpg\",\"contentUrl\":\"https:\\\/\\\/kreatortorun.pl\\\/wp-content\\\/uploads\\\/2025\\\/10\\\/czarna-komin-przod-1.jpg\",\"width\":1200,\"height\":1200},{\"@type\":\"BreadcrumbList\",\"@id\":\"https:\\\/\\\/kreatortorun.pl\\\/produkt\\\/komin-antyprzecieciowy-i-antyprzebiciowy-fr\\\/#breadcrumb\",\"itemListElement\":[{\"@type\":\"ListItem\",\"position\":1,\"name\":\"Strona g\u0142\u00f3wna\",\"item\":\"https:\\\/\\\/kreatortorun.pl\\\/en\\\/\"},{\"@type\":\"ListItem\",\"position\":2,\"name\":\"Shop\",\"item\":\"https:\\\/\\\/kreatortorun.pl\\\/en\\\/shop\\\/\"},{\"@type\":\"ListItem\",\"position\":3,\"name\":\"Komin antyprzeci\u0119ciowy i antyprzebiciowy FR\"}]},{\"@type\":\"WebSite\",\"@id\":\"https:\\\/\\\/kreatortorun.pl\\\/#website\",\"url\":\"https:\\\/\\\/kreatortorun.pl\\\/\",\"name\":\"Kreator Toru\u0144\",\"description\":\"Producent mundur\u00f3w, kombinezon\u00f3w i odzie\u017cy taktycznej\",\"publisher\":{\"@id\":\"https:\\\/\\\/kreatortorun.pl\\\/#organization\"},\"potentialAction\":[{\"@type\":\"SearchAction\",\"target\":{\"@type\":\"EntryPoint\",\"urlTemplate\":\"https:\\\/\\\/kreatortorun.pl\\\/?s={search_term_string}\"},\"query-input\":{\"@type\":\"PropertyValueSpecification\",\"valueRequired\":true,\"valueName\":\"search_term_string\"}}],\"inLanguage\":\"en-US\"},{\"@type\":\"Organization\",\"@id\":\"https:\\\/\\\/kreatortorun.pl\\\/#organization\",\"name\":\"Kreator Toru\u0144\",\"url\":\"https:\\\/\\\/kreatortorun.pl\\\/\",\"logo\":{\"@type\":\"ImageObject\",\"inLanguage\":\"en-US\",\"@id\":\"https:\\\/\\\/kreatortorun.pl\\\/#\\\/schema\\\/logo\\\/image\\\/\",\"url\":\"https:\\\/\\\/kreatortorun.pl\\\/wp-content\\\/uploads\\\/2024\\\/02\\\/cropped-kreator-logo-favicon.png\",\"contentUrl\":\"https:\\\/\\\/kreatortorun.pl\\\/wp-content\\\/uploads\\\/2024\\\/02\\\/cropped-kreator-logo-favicon.png\",\"width\":512,\"height\":512,\"caption\":\"Kreator Toru\u0144\"},\"image\":{\"@id\":\"https:\\\/\\\/kreatortorun.pl\\\/#\\\/schema\\\/logo\\\/image\\\/\"},\"sameAs\":[\"https:\\\/\\\/www.facebook.com\\\/torun.kreator\",\"https:\\\/\\\/www.youtube.com\\\/@kreatortorun1862\"]}]}<\/script>\n<!-- \/ Yoast SEO plugin. -->","yoast_head_json":{"title":"Komin antyprzeci\u0119ciowy i antyprzebiciowy FR - Kreator Toru\u0144","description":"Komin 3w1: komin antyprzeci\u0119ciowy, komin trudnopalny i komin antyprzebiciowy.","robots":{"index":"index","follow":"follow","max-snippet":"max-snippet:-1","max-image-preview":"max-image-preview:large","max-video-preview":"max-video-preview:-1"},"canonical":"https:\/\/kreatortorun.pl\/produkt\/komin-antyprzecieciowy-i-antyprzebiciowy-fr\/","og_locale":"en_US","og_type":"article","og_title":"Komin antyprzeci\u0119ciowy i antyprzebiciowy FR - Kreator Toru\u0144","og_description":"Komin 3w1: komin antyprzeci\u0119ciowy, komin trudnopalny i komin antyprzebiciowy.","og_url":"https:\/\/kreatortorun.pl\/produkt\/komin-antyprzecieciowy-i-antyprzebiciowy-fr\/","og_site_name":"Kreator Toru\u0144","article_publisher":"https:\/\/www.facebook.com\/torun.kreator","article_modified_time":"2025-11-27T10:49:35+00:00","og_image":[{"width":1200,"height":1200,"url":"https:\/\/kreatortorun.pl\/wp-content\/uploads\/2025\/10\/czarna-komin-przod-1.jpg","type":"image\/jpeg"}],"twitter_card":"summary_large_image","twitter_misc":{"Est. reading time":"2 minutes"},"schema":{"@context":"https:\/\/schema.org","@graph":[{"@type":"WebPage","@id":"https:\/\/kreatortorun.pl\/produkt\/komin-antyprzecieciowy-i-antyprzebiciowy-fr\/","url":"https:\/\/kreatortorun.pl\/produkt\/komin-antyprzecieciowy-i-antyprzebiciowy-fr\/","name":"Komin antyprzeci\u0119ciowy i antyprzebiciowy FR - Kreator Toru\u0144","isPartOf":{"@id":"https:\/\/kreatortorun.pl\/#website"},"primaryImageOfPage":{"@id":"https:\/\/kreatortorun.pl\/produkt\/komin-antyprzecieciowy-i-antyprzebiciowy-fr\/#primaryimage"},"image":{"@id":"https:\/\/kreatortorun.pl\/produkt\/komin-antyprzecieciowy-i-antyprzebiciowy-fr\/#primaryimage"},"thumbnailUrl":"https:\/\/kreatortorun.pl\/wp-content\/uploads\/2025\/10\/czarna-komin-przod-1.jpg","datePublished":"2025-10-03T07:40:41+00:00","dateModified":"2025-11-27T10:49:35+00:00","description":"Komin 3w1: komin antyprzeci\u0119ciowy, komin trudnopalny i komin antyprzebiciowy.","breadcrumb":{"@id":"https:\/\/kreatortorun.pl\/produkt\/komin-antyprzecieciowy-i-antyprzebiciowy-fr\/#breadcrumb"},"inLanguage":"en-US","potentialAction":[{"@type":"ReadAction","target":["https:\/\/kreatortorun.pl\/produkt\/komin-antyprzecieciowy-i-antyprzebiciowy-fr\/"]}]},{"@type":"ImageObject","inLanguage":"en-US","@id":"https:\/\/kreatortorun.pl\/produkt\/komin-antyprzecieciowy-i-antyprzebiciowy-fr\/#primaryimage","url":"https:\/\/kreatortorun.pl\/wp-content\/uploads\/2025\/10\/czarna-komin-przod-1.jpg","contentUrl":"https:\/\/kreatortorun.pl\/wp-content\/uploads\/2025\/10\/czarna-komin-przod-1.jpg","width":1200,"height":1200},{"@type":"BreadcrumbList","@id":"https:\/\/kreatortorun.pl\/produkt\/komin-antyprzecieciowy-i-antyprzebiciowy-fr\/#breadcrumb","itemListElement":[{"@type":"ListItem","position":1,"name":"Strona g\u0142\u00f3wna","item":"https:\/\/kreatortorun.pl\/en\/"},{"@type":"ListItem","position":2,"name":"Shop","item":"https:\/\/kreatortorun.pl\/en\/shop\/"},{"@type":"ListItem","position":3,"name":"Komin antyprzeci\u0119ciowy i antyprzebiciowy FR"}]},{"@type":"WebSite","@id":"https:\/\/kreatortorun.pl\/#website","url":"https:\/\/kreatortorun.pl\/","name":"Kreator Toru\u0144","description":"Producent mundur\u00f3w, kombinezon\u00f3w i odzie\u017cy taktycznej","publisher":{"@id":"https:\/\/kreatortorun.pl\/#organization"},"potentialAction":[{"@type":"SearchAction","target":{"@type":"EntryPoint","urlTemplate":"https:\/\/kreatortorun.pl\/?s={search_term_string}"},"query-input":{"@type":"PropertyValueSpecification","valueRequired":true,"valueName":"search_term_string"}}],"inLanguage":"en-US"},{"@type":"Organization","@id":"https:\/\/kreatortorun.pl\/#organization","name":"Kreator Toru\u0144","url":"https:\/\/kreatortorun.pl\/","logo":{"@type":"ImageObject","inLanguage":"en-US","@id":"https:\/\/kreatortorun.pl\/#\/schema\/logo\/image\/","url":"https:\/\/kreatortorun.pl\/wp-content\/uploads\/2024\/02\/cropped-kreator-logo-favicon.png","contentUrl":"https:\/\/kreatortorun.pl\/wp-content\/uploads\/2024\/02\/cropped-kreator-logo-favicon.png","width":512,"height":512,"caption":"Kreator Toru\u0144"},"image":{"@id":"https:\/\/kreatortorun.pl\/#\/schema\/logo\/image\/"},"sameAs":["https:\/\/www.facebook.com\/torun.kreator","https:\/\/www.youtube.com\/@kreatortorun1862"]}]}},"_links":{"self":[{"href":"https:\/\/kreatortorun.pl\/en\/wp-json\/wp\/v2\/product\/23137","targetHints":{"allow":["GET"]}}],"collection":[{"href":"https:\/\/kreatortorun.pl\/en\/wp-json\/wp\/v2\/product"}],"about":[{"href":"https:\/\/kreatortorun.pl\/en\/wp-json\/wp\/v2\/types\/product"}],"wp:featuredmedia":[{"embeddable":true,"href":"https:\/\/kreatortorun.pl\/en\/wp-json\/wp\/v2\/media\/23674"}],"wp:attachment":[{"href":"https:\/\/kreatortorun.pl\/en\/wp-json\/wp\/v2\/media?parent=23137"}],"wp:term":[{"taxonomy":"product_brand","embeddable":true,"href":"https:\/\/kreatortorun.pl\/en\/wp-json\/wp\/v2\/product_brand?post=23137"},{"taxonomy":"product_cat","embeddable":true,"href":"https:\/\/kreatortorun.pl\/en\/wp-json\/wp\/v2\/product_cat?post=23137"},{"taxonomy":"product_tag","embeddable":true,"href":"https:\/\/kreatortorun.pl\/en\/wp-json\/wp\/v2\/product_tag?post=23137"}],"curies":[{"name":"wp","href":"https:\/\/api.w.org\/{rel}","templated":true}]}}