{"id":23346,"date":"2025-10-07T07:44:36","date_gmt":"2025-10-07T07:44:36","guid":{"rendered":"https:\/\/kreatortorun.pl\/?post_type=product&#038;p=23346"},"modified":"2025-10-07T07:55:51","modified_gmt":"2025-10-07T07:55:51","slug":"anti-cut-and-anti-puncture-fr-balaclava","status":"publish","type":"product","link":"https:\/\/kreatortorun.pl\/en\/produkt\/anti-cut-and-anti-puncture-fr-balaclava\/","title":{"rendered":"Anti-cut and anti-puncture FR balaclava"},"content":{"rendered":"<h1>Anti-cut balaclava, anti-puncture balaclava and flame-retardant balaclava in 1 product<\/h1>\n<div>The flame-retardant function of the balaclava is ensured by a unique outer fabric composition. The Modacrylic used in the balaclava fabric has non-flammable properties, meaning the entire balaclava&#8217;s flame-retardant performance is due to the raw material used, not, for example, the finishing.<\/div>\n<div><\/div>\n<div>The fabric used in the cut-resistant and flame-retardant black balaclava is flame-retardant according to the PN-EN ISO 15025 standard: method A, meaning it does not burn, extinguishes in less than 2 seconds after removal from a flame, does not soften, and does not drip.<\/div>\n<div><\/div>\n<div>Cut and puncture resistance is ensured by a liner sewn into the neck area of \u200b\u200bthe balaclava.<\/div>\n<div><\/div>\n<div><\/div>\n<h5>The balaclava&#8217;s mechanical parameters are determined based on the PN-EN 388 standard:<\/h5>\n<div><\/div>\n<ul>\n<li>Puncture resistance: level 3 (on a scale of 1-4).<\/li>\n<li>Blade cut resistance: level E (on a scale of A-F).<\/li>\n<li>Tear resistance: level 4 (on a scale of 1-4).<\/li>\n<\/ul>\n<h2>The Kreator anti-knife balaclava responds to the real needs of users from the uniformed services<\/h2>\n<div>In addition to safety, the anti-cut balaclava ensures comfort of use, even in the most challenging conditions:<\/div>\n<div><\/div>\n<ul>\n<li>It has high sweat resistance: level 4 (on a scale of 1-5),<\/li>\n<li>High air permeability: 400 l\/m\u00b2\/sec.<\/li>\n<\/ul>\n<p>&nbsp;<\/p>\n<h3>FR balaclava functionalities:<\/h3>\n<ul>\n<li>protective (against cold, wind, sun, dust, smoke, shrapnel, sharp tools, and insects),<\/li>\n<li>anonymizing (face covering during emergency operations, for example),<\/li>\n<li>functional (protects the inside of a helmet from sweat and dirt and prevents abrasions).<\/li>\n<\/ul>\n<div><\/div>\n<div>The Kreator cut-resistant balaclava is available in one universal size or in two sizes: S\/M and L\/XL.<\/div>\n<div><\/div>\n<div>Size S\/M: circumference at the throat: 52 cm.<\/div>\n<div>Size L\/XL: circumference at the throat: 56 cm.<\/div>\n<div><\/div>\n<div>Available in: black or olive. Other colors available upon request.<\/div>\n","protected":false},"excerpt":{"rendered":"<p style=\"text-align: justify;\">The black fire-resistant anti-cut and anti-puncture balaclava is a universal product that combines functions useful in various field situations.<\/p>\n<p>On request only: <strong><span style=\"color: #d83131;\"><a href=\"tel: +48604117337\">+48 604 117 337<\/a><\/span><\/strong><\/p>\n<p>or <a href=\"mailto:j.dabrowski@kreatortorun.pl\" class=\"button alert is-alert is-medium\" >\n\t\t<span>ASK<\/span>\n\t<\/a>\n\n<p>Possibility of preparing the suit for the specific needs of the user.<\/p>\n","protected":false},"featured_media":23355,"template":"","meta":[],"product_brand":[],"product_cat":[226],"product_tag":[190,209],"class_list":{"0":"post-23346","1":"product","2":"type-product","3":"status-publish","4":"has-post-thumbnail","6":"product_cat-special-uniforms-en","7":"product_tag-pol","8":"product_tag-ws","10":"first","11":"instock","12":"taxable","13":"shipping-taxable","14":"product-type-variable","15":"has-default-attributes"},"yoast_head":"<!-- This site is optimized with the Yoast SEO plugin v27.3 - https:\/\/yoast.com\/product\/yoast-seo-wordpress\/ -->\n<title>Anti-cut and anti-puncture FR balaclava - Kreator Toru\u0144<\/title>\n<meta name=\"robots\" content=\"index, follow, max-snippet:-1, max-image-preview:large, max-video-preview:-1\" \/>\n<link rel=\"canonical\" href=\"https:\/\/kreatortorun.pl\/produkt\/anti-cut-and-anti-puncture-fr-balaclava\/\" \/>\n<meta property=\"og:locale\" content=\"en_US\" \/>\n<meta property=\"og:type\" content=\"article\" \/>\n<meta property=\"og:title\" content=\"Anti-cut and anti-puncture FR balaclava - Kreator Toru\u0144\" \/>\n<meta property=\"og:description\" content=\"The black fire-resistant anti-cut and anti-puncture balaclava is a universal product that combines functions useful in various field situations. On request only: +48 604 117 337  or   Possibility of preparing the suit for the specific needs of the user.\" \/>\n<meta property=\"og:url\" content=\"https:\/\/kreatortorun.pl\/produkt\/anti-cut-and-anti-puncture-fr-balaclava\/\" \/>\n<meta property=\"og:site_name\" content=\"Kreator Toru\u0144\" \/>\n<meta property=\"article:publisher\" content=\"https:\/\/www.facebook.com\/torun.kreator\" \/>\n<meta property=\"article:modified_time\" content=\"2025-10-07T07:55:51+00:00\" \/>\n<meta property=\"og:image\" content=\"https:\/\/kreatortorun.pl\/wp-content\/uploads\/2025\/10\/Kw.-bez-gardy-black-1a.jpg\" \/>\n\t<meta property=\"og:image:width\" content=\"1200\" \/>\n\t<meta property=\"og:image:height\" content=\"1200\" \/>\n\t<meta property=\"og:image:type\" content=\"image\/jpeg\" \/>\n<meta name=\"twitter:card\" content=\"summary_large_image\" \/>\n<meta name=\"twitter:label1\" content=\"Est. reading time\" \/>\n\t<meta name=\"twitter:data1\" content=\"2 minutes\" \/>\n<script type=\"application\/ld+json\" class=\"yoast-schema-graph\">{\"@context\":\"https:\\\/\\\/schema.org\",\"@graph\":[{\"@type\":\"WebPage\",\"@id\":\"https:\\\/\\\/kreatortorun.pl\\\/produkt\\\/anti-cut-and-anti-puncture-fr-balaclava\\\/\",\"url\":\"https:\\\/\\\/kreatortorun.pl\\\/produkt\\\/anti-cut-and-anti-puncture-fr-balaclava\\\/\",\"name\":\"Anti-cut and anti-puncture FR balaclava - Kreator Toru\u0144\",\"isPartOf\":{\"@id\":\"https:\\\/\\\/kreatortorun.pl\\\/#website\"},\"primaryImageOfPage\":{\"@id\":\"https:\\\/\\\/kreatortorun.pl\\\/produkt\\\/anti-cut-and-anti-puncture-fr-balaclava\\\/#primaryimage\"},\"image\":{\"@id\":\"https:\\\/\\\/kreatortorun.pl\\\/produkt\\\/anti-cut-and-anti-puncture-fr-balaclava\\\/#primaryimage\"},\"thumbnailUrl\":\"https:\\\/\\\/kreatortorun.pl\\\/wp-content\\\/uploads\\\/2025\\\/10\\\/Kw.-bez-gardy-black-1a.jpg\",\"datePublished\":\"2025-10-07T07:44:36+00:00\",\"dateModified\":\"2025-10-07T07:55:51+00:00\",\"breadcrumb\":{\"@id\":\"https:\\\/\\\/kreatortorun.pl\\\/produkt\\\/anti-cut-and-anti-puncture-fr-balaclava\\\/#breadcrumb\"},\"inLanguage\":\"en-US\",\"potentialAction\":[{\"@type\":\"ReadAction\",\"target\":[\"https:\\\/\\\/kreatortorun.pl\\\/produkt\\\/anti-cut-and-anti-puncture-fr-balaclava\\\/\"]}]},{\"@type\":\"ImageObject\",\"inLanguage\":\"en-US\",\"@id\":\"https:\\\/\\\/kreatortorun.pl\\\/produkt\\\/anti-cut-and-anti-puncture-fr-balaclava\\\/#primaryimage\",\"url\":\"https:\\\/\\\/kreatortorun.pl\\\/wp-content\\\/uploads\\\/2025\\\/10\\\/Kw.-bez-gardy-black-1a.jpg\",\"contentUrl\":\"https:\\\/\\\/kreatortorun.pl\\\/wp-content\\\/uploads\\\/2025\\\/10\\\/Kw.-bez-gardy-black-1a.jpg\",\"width\":1200,\"height\":1200},{\"@type\":\"BreadcrumbList\",\"@id\":\"https:\\\/\\\/kreatortorun.pl\\\/produkt\\\/anti-cut-and-anti-puncture-fr-balaclava\\\/#breadcrumb\",\"itemListElement\":[{\"@type\":\"ListItem\",\"position\":1,\"name\":\"Strona g\u0142\u00f3wna\",\"item\":\"https:\\\/\\\/kreatortorun.pl\\\/en\\\/\"},{\"@type\":\"ListItem\",\"position\":2,\"name\":\"Shop\",\"item\":\"https:\\\/\\\/kreatortorun.pl\\\/en\\\/shop\\\/\"},{\"@type\":\"ListItem\",\"position\":3,\"name\":\"Anti-cut and anti-puncture FR balaclava\"}]},{\"@type\":\"WebSite\",\"@id\":\"https:\\\/\\\/kreatortorun.pl\\\/#website\",\"url\":\"https:\\\/\\\/kreatortorun.pl\\\/\",\"name\":\"Kreator Toru\u0144\",\"description\":\"Producent mundur\u00f3w, kombinezon\u00f3w i odzie\u017cy taktycznej\",\"publisher\":{\"@id\":\"https:\\\/\\\/kreatortorun.pl\\\/#organization\"},\"potentialAction\":[{\"@type\":\"SearchAction\",\"target\":{\"@type\":\"EntryPoint\",\"urlTemplate\":\"https:\\\/\\\/kreatortorun.pl\\\/?s={search_term_string}\"},\"query-input\":{\"@type\":\"PropertyValueSpecification\",\"valueRequired\":true,\"valueName\":\"search_term_string\"}}],\"inLanguage\":\"en-US\"},{\"@type\":\"Organization\",\"@id\":\"https:\\\/\\\/kreatortorun.pl\\\/#organization\",\"name\":\"Kreator Toru\u0144\",\"url\":\"https:\\\/\\\/kreatortorun.pl\\\/\",\"logo\":{\"@type\":\"ImageObject\",\"inLanguage\":\"en-US\",\"@id\":\"https:\\\/\\\/kreatortorun.pl\\\/#\\\/schema\\\/logo\\\/image\\\/\",\"url\":\"https:\\\/\\\/kreatortorun.pl\\\/wp-content\\\/uploads\\\/2024\\\/02\\\/cropped-kreator-logo-favicon.png\",\"contentUrl\":\"https:\\\/\\\/kreatortorun.pl\\\/wp-content\\\/uploads\\\/2024\\\/02\\\/cropped-kreator-logo-favicon.png\",\"width\":512,\"height\":512,\"caption\":\"Kreator Toru\u0144\"},\"image\":{\"@id\":\"https:\\\/\\\/kreatortorun.pl\\\/#\\\/schema\\\/logo\\\/image\\\/\"},\"sameAs\":[\"https:\\\/\\\/www.facebook.com\\\/torun.kreator\",\"https:\\\/\\\/www.youtube.com\\\/@kreatortorun1862\"]}]}<\/script>\n<!-- \/ Yoast SEO plugin. -->","yoast_head_json":{"title":"Anti-cut and anti-puncture FR balaclava - Kreator Toru\u0144","robots":{"index":"index","follow":"follow","max-snippet":"max-snippet:-1","max-image-preview":"max-image-preview:large","max-video-preview":"max-video-preview:-1"},"canonical":"https:\/\/kreatortorun.pl\/produkt\/anti-cut-and-anti-puncture-fr-balaclava\/","og_locale":"en_US","og_type":"article","og_title":"Anti-cut and anti-puncture FR balaclava - Kreator Toru\u0144","og_description":"The black fire-resistant anti-cut and anti-puncture balaclava is a universal product that combines functions useful in various field situations. On request only: +48 604 117 337  or   Possibility of preparing the suit for the specific needs of the user.","og_url":"https:\/\/kreatortorun.pl\/produkt\/anti-cut-and-anti-puncture-fr-balaclava\/","og_site_name":"Kreator Toru\u0144","article_publisher":"https:\/\/www.facebook.com\/torun.kreator","article_modified_time":"2025-10-07T07:55:51+00:00","og_image":[{"width":1200,"height":1200,"url":"https:\/\/kreatortorun.pl\/wp-content\/uploads\/2025\/10\/Kw.-bez-gardy-black-1a.jpg","type":"image\/jpeg"}],"twitter_card":"summary_large_image","twitter_misc":{"Est. reading time":"2 minutes"},"schema":{"@context":"https:\/\/schema.org","@graph":[{"@type":"WebPage","@id":"https:\/\/kreatortorun.pl\/produkt\/anti-cut-and-anti-puncture-fr-balaclava\/","url":"https:\/\/kreatortorun.pl\/produkt\/anti-cut-and-anti-puncture-fr-balaclava\/","name":"Anti-cut and anti-puncture FR balaclava - Kreator Toru\u0144","isPartOf":{"@id":"https:\/\/kreatortorun.pl\/#website"},"primaryImageOfPage":{"@id":"https:\/\/kreatortorun.pl\/produkt\/anti-cut-and-anti-puncture-fr-balaclava\/#primaryimage"},"image":{"@id":"https:\/\/kreatortorun.pl\/produkt\/anti-cut-and-anti-puncture-fr-balaclava\/#primaryimage"},"thumbnailUrl":"https:\/\/kreatortorun.pl\/wp-content\/uploads\/2025\/10\/Kw.-bez-gardy-black-1a.jpg","datePublished":"2025-10-07T07:44:36+00:00","dateModified":"2025-10-07T07:55:51+00:00","breadcrumb":{"@id":"https:\/\/kreatortorun.pl\/produkt\/anti-cut-and-anti-puncture-fr-balaclava\/#breadcrumb"},"inLanguage":"en-US","potentialAction":[{"@type":"ReadAction","target":["https:\/\/kreatortorun.pl\/produkt\/anti-cut-and-anti-puncture-fr-balaclava\/"]}]},{"@type":"ImageObject","inLanguage":"en-US","@id":"https:\/\/kreatortorun.pl\/produkt\/anti-cut-and-anti-puncture-fr-balaclava\/#primaryimage","url":"https:\/\/kreatortorun.pl\/wp-content\/uploads\/2025\/10\/Kw.-bez-gardy-black-1a.jpg","contentUrl":"https:\/\/kreatortorun.pl\/wp-content\/uploads\/2025\/10\/Kw.-bez-gardy-black-1a.jpg","width":1200,"height":1200},{"@type":"BreadcrumbList","@id":"https:\/\/kreatortorun.pl\/produkt\/anti-cut-and-anti-puncture-fr-balaclava\/#breadcrumb","itemListElement":[{"@type":"ListItem","position":1,"name":"Strona g\u0142\u00f3wna","item":"https:\/\/kreatortorun.pl\/en\/"},{"@type":"ListItem","position":2,"name":"Shop","item":"https:\/\/kreatortorun.pl\/en\/shop\/"},{"@type":"ListItem","position":3,"name":"Anti-cut and anti-puncture FR balaclava"}]},{"@type":"WebSite","@id":"https:\/\/kreatortorun.pl\/#website","url":"https:\/\/kreatortorun.pl\/","name":"Kreator Toru\u0144","description":"Producent mundur\u00f3w, kombinezon\u00f3w i odzie\u017cy taktycznej","publisher":{"@id":"https:\/\/kreatortorun.pl\/#organization"},"potentialAction":[{"@type":"SearchAction","target":{"@type":"EntryPoint","urlTemplate":"https:\/\/kreatortorun.pl\/?s={search_term_string}"},"query-input":{"@type":"PropertyValueSpecification","valueRequired":true,"valueName":"search_term_string"}}],"inLanguage":"en-US"},{"@type":"Organization","@id":"https:\/\/kreatortorun.pl\/#organization","name":"Kreator Toru\u0144","url":"https:\/\/kreatortorun.pl\/","logo":{"@type":"ImageObject","inLanguage":"en-US","@id":"https:\/\/kreatortorun.pl\/#\/schema\/logo\/image\/","url":"https:\/\/kreatortorun.pl\/wp-content\/uploads\/2024\/02\/cropped-kreator-logo-favicon.png","contentUrl":"https:\/\/kreatortorun.pl\/wp-content\/uploads\/2024\/02\/cropped-kreator-logo-favicon.png","width":512,"height":512,"caption":"Kreator Toru\u0144"},"image":{"@id":"https:\/\/kreatortorun.pl\/#\/schema\/logo\/image\/"},"sameAs":["https:\/\/www.facebook.com\/torun.kreator","https:\/\/www.youtube.com\/@kreatortorun1862"]}]}},"_links":{"self":[{"href":"https:\/\/kreatortorun.pl\/en\/wp-json\/wp\/v2\/product\/23346","targetHints":{"allow":["GET"]}}],"collection":[{"href":"https:\/\/kreatortorun.pl\/en\/wp-json\/wp\/v2\/product"}],"about":[{"href":"https:\/\/kreatortorun.pl\/en\/wp-json\/wp\/v2\/types\/product"}],"wp:featuredmedia":[{"embeddable":true,"href":"https:\/\/kreatortorun.pl\/en\/wp-json\/wp\/v2\/media\/23355"}],"wp:attachment":[{"href":"https:\/\/kreatortorun.pl\/en\/wp-json\/wp\/v2\/media?parent=23346"}],"wp:term":[{"taxonomy":"product_brand","embeddable":true,"href":"https:\/\/kreatortorun.pl\/en\/wp-json\/wp\/v2\/product_brand?post=23346"},{"taxonomy":"product_cat","embeddable":true,"href":"https:\/\/kreatortorun.pl\/en\/wp-json\/wp\/v2\/product_cat?post=23346"},{"taxonomy":"product_tag","embeddable":true,"href":"https:\/\/kreatortorun.pl\/en\/wp-json\/wp\/v2\/product_tag?post=23346"}],"curies":[{"name":"wp","href":"https:\/\/api.w.org\/{rel}","templated":true}]}}