{"id":2686,"date":"2021-11-08T14:56:48","date_gmt":"2021-11-08T14:56:48","guid":{"rendered":"https:\/\/kreatortorun.pl\/?post_type=product&#038;p=2686"},"modified":"2026-01-19T14:29:34","modified_gmt":"2026-01-19T14:29:34","slug":"mundur-galowy-wl-wzor-108-mon-szyty-na-miare","status":"publish","type":"product","link":"https:\/\/kreatortorun.pl\/en\/produkt\/mundur-galowy-wl-wzor-108-mon-szyty-na-miare\/","title":{"rendered":"Mundur galowy WL wz\u00f3r 108\/MON szyty na miar\u0119"},"content":{"rendered":"<h1>Na mundur galowy WL wz\u00f3r 108\/MON szyty na miar\u0119 sk\u0142adaj\u0105 si\u0119 2 elementy:<\/h1>\n<h2 style=\"text-align: justify;\">Kurtka munduru galowego Wojsk L\u0105dowych<\/h2>\n<p style=\"text-align: justify;\">Kurtka munduru galowego WL wykonana jest z tkaniny w kolorze khaki. Kurtka jednorz\u0119dowa, z wyk\u0142adanym ko\u0142nierzem i wy\u0142ogami, zapinana jest na cztery guziki mundurowe. Spadziste barki kurtki wyr\u00f3wnane s\u0105 wk\u0142adami barkowymi. Na barkach umieszczone s\u0105 naramienniki zapinane na guziki mundurowe. Na linii klatki piersiowej naszyte s\u0105 kieszenie z fa\u0142dkami i klapkami, zapinane na guziki mundurowe. Poni\u017cej linii pasa odszyte s\u0105 kieszenie wpuszczane, z naszytymi na wierzch przod\u00f3w kurtki klapkami, zapinane analogicznie jak kieszenie g\u00f3rne. R\u0119kawy kurtki munduru galowego WL s\u0105 dwucz\u0119\u015bciowe, ze szwem \u0142okciowym, w dole zako\u0144czone s\u0105 rozporkami. Kurtka od wewn\u0105trz wyko\u0144czona jest jedwabn\u0105 podszewk\u0105. W g\u00f3rnych cz\u0119\u015bciach przodu, wewn\u0105trz kurtki, wykonane s\u0105 kieszenie, wyko\u0144czone szerok\u0105 wypustk\u0105 z tkaniny zasadniczej. Lewa kiesze\u0144 wewn\u0119trzna zapinana jest dodatkowo na guzik.<\/p>\n<h2 style=\"text-align: justify;\">Spodnie munduru galowego Wojsk L\u0105dowych<\/h2>\n<p style=\"text-align: justify;\">Spodnie munduru galowego WL s\u0105 biodrowe, bez mankiet\u00f3w, wykonane s\u0105 z tej samej tkaniny zasadniczej co kurtka. Nogawki spodni s\u0105 zw\u0119\u017cane ku do\u0142owi. W g\u00f3rnej cz\u0119\u015bci przodu spodni wykonane s\u0105 kieszenie boczne z jedna wypustk\u0105. W pasek wszyto siedem podtrzymywaczy paska. Lewa strona paska jest przed\u0142u\u017cona, zako\u0144czona dziurk\u0105. Pasek zapinany jest dodatkowo na hak odzie\u017cowy umieszczony po stronie wewn\u0119trznej paska spodni. W przednich nogawkach, wewn\u0105trz spodni, wszyta jest kolan\u00f3wka. Do\u0142y nogawek spodni do galowego munduru wojskowego s\u0105 sko\u015bne, podniesione ku przodowi. Rozporek spodni zapinany jest na zamek b\u0142yskawiczny.<\/p>\n","protected":false},"excerpt":{"rendered":"<p style=\"text-align: justify;\">Mundur galowy WL 108\/MON szyty na miar\u0119 jest potwierdzony przez Wojskowy O\u015brodek Badawczo-Wdro\u017ceniowy S\u0142u\u017cby Mundurowej w \u0141odzi za zgodno\u015b\u0107 z Wojskow\u0105 Dokumentacj\u0105 Techniczno-Technologiczn\u0105 oraz wzorem Przedmiotu Umundurowania i Wyekwipowania. Wszystkie surowce zastosowane w wyrobie s\u0105<span class=\"Apple-converted-space\">\u00a0 <\/span>zgodne z Wojskow\u0105 Dokumentacj\u0105 Techniczno-Technologiczn\u0105 wz\u00f3r 108\/MON.<\/p>\n<p style=\"text-align: justify;\"><strong>Uwaga!<br \/>\n<\/strong><strong>Zamawiany produkt jest produktem nieprefabrykowanym, wyprodukowanym wed\u0142ug specyfikacji konsumenta i z tego powodu Klientowi nie przys\u0142uguje prawo odst\u0105pienia od umowy zawartej na odleg\u0142o\u015b\u0107.<\/strong><\/p>\n","protected":false},"featured_media":2847,"template":"","meta":[],"product_brand":[],"product_cat":[137],"product_tag":[88,164],"class_list":{"0":"post-2686","1":"product","2":"type-product","3":"status-publish","4":"has-post-thumbnail","6":"product_cat-meskie-wl","7":"product_tag-wl","8":"product_tag-miarowe","10":"first","11":"onbackorder","12":"taxable","13":"shipping-taxable","14":"purchasable","15":"product-type-simple"},"yoast_head":"<!-- This site is optimized with the Yoast SEO plugin v27.3 - https:\/\/yoast.com\/product\/yoast-seo-wordpress\/ -->\n<title>Mundur galowy WL wz\u00f3r 108\/MON szyty na miar\u0119 - Kreator Toru\u0144<\/title>\n<meta name=\"description\" content=\"Zmierz si\u0119 wed\u0142ug naszej instrukcji a my uszyjemy dla Ciebie idealnie dopasowany i \u015bwietnie skrojony mundur galowy Wojsk L\u0105dowych.\" \/>\n<meta name=\"robots\" content=\"index, follow, max-snippet:-1, max-image-preview:large, max-video-preview:-1\" \/>\n<link rel=\"canonical\" href=\"https:\/\/kreatortorun.pl\/produkt\/mundur-galowy-wl-wzor-108-mon-szyty-na-miare\/\" \/>\n<meta property=\"og:locale\" content=\"en_US\" \/>\n<meta property=\"og:type\" content=\"article\" \/>\n<meta property=\"og:title\" content=\"Mundur galowy WL wz\u00f3r 108\/MON szyty na miar\u0119 - Kreator Toru\u0144\" \/>\n<meta property=\"og:description\" content=\"Zmierz si\u0119 wed\u0142ug naszej instrukcji a my uszyjemy dla Ciebie idealnie dopasowany i \u015bwietnie skrojony mundur galowy Wojsk L\u0105dowych.\" \/>\n<meta property=\"og:url\" content=\"https:\/\/kreatortorun.pl\/produkt\/mundur-galowy-wl-wzor-108-mon-szyty-na-miare\/\" \/>\n<meta property=\"og:site_name\" content=\"Kreator Toru\u0144\" \/>\n<meta property=\"article:publisher\" content=\"https:\/\/www.facebook.com\/torun.kreator\" \/>\n<meta property=\"article:modified_time\" content=\"2026-01-19T14:29:34+00:00\" \/>\n<meta property=\"og:image\" content=\"https:\/\/kreatortorun.pl\/wp-content\/uploads\/2021\/11\/WL-tailor.jpg\" \/>\n\t<meta property=\"og:image:width\" content=\"1200\" \/>\n\t<meta property=\"og:image:height\" content=\"1200\" \/>\n\t<meta property=\"og:image:type\" content=\"image\/jpeg\" \/>\n<meta name=\"twitter:card\" content=\"summary_large_image\" \/>\n<meta name=\"twitter:label1\" content=\"Est. reading time\" \/>\n\t<meta name=\"twitter:data1\" content=\"2 minutes\" \/>\n<script type=\"application\/ld+json\" class=\"yoast-schema-graph\">{\"@context\":\"https:\\\/\\\/schema.org\",\"@graph\":[{\"@type\":\"WebPage\",\"@id\":\"https:\\\/\\\/kreatortorun.pl\\\/produkt\\\/mundur-galowy-wl-wzor-108-mon-szyty-na-miare\\\/\",\"url\":\"https:\\\/\\\/kreatortorun.pl\\\/produkt\\\/mundur-galowy-wl-wzor-108-mon-szyty-na-miare\\\/\",\"name\":\"Mundur galowy WL wz\u00f3r 108\\\/MON szyty na miar\u0119 - Kreator Toru\u0144\",\"isPartOf\":{\"@id\":\"https:\\\/\\\/kreatortorun.pl\\\/#website\"},\"primaryImageOfPage\":{\"@id\":\"https:\\\/\\\/kreatortorun.pl\\\/produkt\\\/mundur-galowy-wl-wzor-108-mon-szyty-na-miare\\\/#primaryimage\"},\"image\":{\"@id\":\"https:\\\/\\\/kreatortorun.pl\\\/produkt\\\/mundur-galowy-wl-wzor-108-mon-szyty-na-miare\\\/#primaryimage\"},\"thumbnailUrl\":\"https:\\\/\\\/kreatortorun.pl\\\/wp-content\\\/uploads\\\/2021\\\/11\\\/WL-tailor.jpg\",\"datePublished\":\"2021-11-08T14:56:48+00:00\",\"dateModified\":\"2026-01-19T14:29:34+00:00\",\"description\":\"Zmierz si\u0119 wed\u0142ug naszej instrukcji a my uszyjemy dla Ciebie idealnie dopasowany i \u015bwietnie skrojony mundur galowy Wojsk L\u0105dowych.\",\"breadcrumb\":{\"@id\":\"https:\\\/\\\/kreatortorun.pl\\\/produkt\\\/mundur-galowy-wl-wzor-108-mon-szyty-na-miare\\\/#breadcrumb\"},\"inLanguage\":\"en-US\",\"potentialAction\":[{\"@type\":\"ReadAction\",\"target\":[\"https:\\\/\\\/kreatortorun.pl\\\/produkt\\\/mundur-galowy-wl-wzor-108-mon-szyty-na-miare\\\/\"]}]},{\"@type\":\"ImageObject\",\"inLanguage\":\"en-US\",\"@id\":\"https:\\\/\\\/kreatortorun.pl\\\/produkt\\\/mundur-galowy-wl-wzor-108-mon-szyty-na-miare\\\/#primaryimage\",\"url\":\"https:\\\/\\\/kreatortorun.pl\\\/wp-content\\\/uploads\\\/2021\\\/11\\\/WL-tailor.jpg\",\"contentUrl\":\"https:\\\/\\\/kreatortorun.pl\\\/wp-content\\\/uploads\\\/2021\\\/11\\\/WL-tailor.jpg\",\"width\":1200,\"height\":1200},{\"@type\":\"BreadcrumbList\",\"@id\":\"https:\\\/\\\/kreatortorun.pl\\\/produkt\\\/mundur-galowy-wl-wzor-108-mon-szyty-na-miare\\\/#breadcrumb\",\"itemListElement\":[{\"@type\":\"ListItem\",\"position\":1,\"name\":\"Strona g\u0142\u00f3wna\",\"item\":\"https:\\\/\\\/kreatortorun.pl\\\/en\\\/\"},{\"@type\":\"ListItem\",\"position\":2,\"name\":\"Shop\",\"item\":\"https:\\\/\\\/kreatortorun.pl\\\/en\\\/shop\\\/\"},{\"@type\":\"ListItem\",\"position\":3,\"name\":\"Mundur galowy WL wz\u00f3r 108\\\/MON szyty na miar\u0119\"}]},{\"@type\":\"WebSite\",\"@id\":\"https:\\\/\\\/kreatortorun.pl\\\/#website\",\"url\":\"https:\\\/\\\/kreatortorun.pl\\\/\",\"name\":\"Kreator Toru\u0144\",\"description\":\"Producent mundur\u00f3w, kombinezon\u00f3w i odzie\u017cy taktycznej\",\"publisher\":{\"@id\":\"https:\\\/\\\/kreatortorun.pl\\\/#organization\"},\"potentialAction\":[{\"@type\":\"SearchAction\",\"target\":{\"@type\":\"EntryPoint\",\"urlTemplate\":\"https:\\\/\\\/kreatortorun.pl\\\/?s={search_term_string}\"},\"query-input\":{\"@type\":\"PropertyValueSpecification\",\"valueRequired\":true,\"valueName\":\"search_term_string\"}}],\"inLanguage\":\"en-US\"},{\"@type\":\"Organization\",\"@id\":\"https:\\\/\\\/kreatortorun.pl\\\/#organization\",\"name\":\"Kreator Toru\u0144\",\"url\":\"https:\\\/\\\/kreatortorun.pl\\\/\",\"logo\":{\"@type\":\"ImageObject\",\"inLanguage\":\"en-US\",\"@id\":\"https:\\\/\\\/kreatortorun.pl\\\/#\\\/schema\\\/logo\\\/image\\\/\",\"url\":\"https:\\\/\\\/kreatortorun.pl\\\/wp-content\\\/uploads\\\/2024\\\/02\\\/cropped-kreator-logo-favicon.png\",\"contentUrl\":\"https:\\\/\\\/kreatortorun.pl\\\/wp-content\\\/uploads\\\/2024\\\/02\\\/cropped-kreator-logo-favicon.png\",\"width\":512,\"height\":512,\"caption\":\"Kreator Toru\u0144\"},\"image\":{\"@id\":\"https:\\\/\\\/kreatortorun.pl\\\/#\\\/schema\\\/logo\\\/image\\\/\"},\"sameAs\":[\"https:\\\/\\\/www.facebook.com\\\/torun.kreator\",\"https:\\\/\\\/www.youtube.com\\\/@kreatortorun1862\"]}]}<\/script>\n<!-- \/ Yoast SEO plugin. -->","yoast_head_json":{"title":"Mundur galowy WL wz\u00f3r 108\/MON szyty na miar\u0119 - Kreator Toru\u0144","description":"Zmierz si\u0119 wed\u0142ug naszej instrukcji a my uszyjemy dla Ciebie idealnie dopasowany i \u015bwietnie skrojony mundur galowy Wojsk L\u0105dowych.","robots":{"index":"index","follow":"follow","max-snippet":"max-snippet:-1","max-image-preview":"max-image-preview:large","max-video-preview":"max-video-preview:-1"},"canonical":"https:\/\/kreatortorun.pl\/produkt\/mundur-galowy-wl-wzor-108-mon-szyty-na-miare\/","og_locale":"en_US","og_type":"article","og_title":"Mundur galowy WL wz\u00f3r 108\/MON szyty na miar\u0119 - Kreator Toru\u0144","og_description":"Zmierz si\u0119 wed\u0142ug naszej instrukcji a my uszyjemy dla Ciebie idealnie dopasowany i \u015bwietnie skrojony mundur galowy Wojsk L\u0105dowych.","og_url":"https:\/\/kreatortorun.pl\/produkt\/mundur-galowy-wl-wzor-108-mon-szyty-na-miare\/","og_site_name":"Kreator Toru\u0144","article_publisher":"https:\/\/www.facebook.com\/torun.kreator","article_modified_time":"2026-01-19T14:29:34+00:00","og_image":[{"width":1200,"height":1200,"url":"https:\/\/kreatortorun.pl\/wp-content\/uploads\/2021\/11\/WL-tailor.jpg","type":"image\/jpeg"}],"twitter_card":"summary_large_image","twitter_misc":{"Est. reading time":"2 minutes"},"schema":{"@context":"https:\/\/schema.org","@graph":[{"@type":"WebPage","@id":"https:\/\/kreatortorun.pl\/produkt\/mundur-galowy-wl-wzor-108-mon-szyty-na-miare\/","url":"https:\/\/kreatortorun.pl\/produkt\/mundur-galowy-wl-wzor-108-mon-szyty-na-miare\/","name":"Mundur galowy WL wz\u00f3r 108\/MON szyty na miar\u0119 - Kreator Toru\u0144","isPartOf":{"@id":"https:\/\/kreatortorun.pl\/#website"},"primaryImageOfPage":{"@id":"https:\/\/kreatortorun.pl\/produkt\/mundur-galowy-wl-wzor-108-mon-szyty-na-miare\/#primaryimage"},"image":{"@id":"https:\/\/kreatortorun.pl\/produkt\/mundur-galowy-wl-wzor-108-mon-szyty-na-miare\/#primaryimage"},"thumbnailUrl":"https:\/\/kreatortorun.pl\/wp-content\/uploads\/2021\/11\/WL-tailor.jpg","datePublished":"2021-11-08T14:56:48+00:00","dateModified":"2026-01-19T14:29:34+00:00","description":"Zmierz si\u0119 wed\u0142ug naszej instrukcji a my uszyjemy dla Ciebie idealnie dopasowany i \u015bwietnie skrojony mundur galowy Wojsk L\u0105dowych.","breadcrumb":{"@id":"https:\/\/kreatortorun.pl\/produkt\/mundur-galowy-wl-wzor-108-mon-szyty-na-miare\/#breadcrumb"},"inLanguage":"en-US","potentialAction":[{"@type":"ReadAction","target":["https:\/\/kreatortorun.pl\/produkt\/mundur-galowy-wl-wzor-108-mon-szyty-na-miare\/"]}]},{"@type":"ImageObject","inLanguage":"en-US","@id":"https:\/\/kreatortorun.pl\/produkt\/mundur-galowy-wl-wzor-108-mon-szyty-na-miare\/#primaryimage","url":"https:\/\/kreatortorun.pl\/wp-content\/uploads\/2021\/11\/WL-tailor.jpg","contentUrl":"https:\/\/kreatortorun.pl\/wp-content\/uploads\/2021\/11\/WL-tailor.jpg","width":1200,"height":1200},{"@type":"BreadcrumbList","@id":"https:\/\/kreatortorun.pl\/produkt\/mundur-galowy-wl-wzor-108-mon-szyty-na-miare\/#breadcrumb","itemListElement":[{"@type":"ListItem","position":1,"name":"Strona g\u0142\u00f3wna","item":"https:\/\/kreatortorun.pl\/en\/"},{"@type":"ListItem","position":2,"name":"Shop","item":"https:\/\/kreatortorun.pl\/en\/shop\/"},{"@type":"ListItem","position":3,"name":"Mundur galowy WL wz\u00f3r 108\/MON szyty na miar\u0119"}]},{"@type":"WebSite","@id":"https:\/\/kreatortorun.pl\/#website","url":"https:\/\/kreatortorun.pl\/","name":"Kreator Toru\u0144","description":"Producent mundur\u00f3w, kombinezon\u00f3w i odzie\u017cy taktycznej","publisher":{"@id":"https:\/\/kreatortorun.pl\/#organization"},"potentialAction":[{"@type":"SearchAction","target":{"@type":"EntryPoint","urlTemplate":"https:\/\/kreatortorun.pl\/?s={search_term_string}"},"query-input":{"@type":"PropertyValueSpecification","valueRequired":true,"valueName":"search_term_string"}}],"inLanguage":"en-US"},{"@type":"Organization","@id":"https:\/\/kreatortorun.pl\/#organization","name":"Kreator Toru\u0144","url":"https:\/\/kreatortorun.pl\/","logo":{"@type":"ImageObject","inLanguage":"en-US","@id":"https:\/\/kreatortorun.pl\/#\/schema\/logo\/image\/","url":"https:\/\/kreatortorun.pl\/wp-content\/uploads\/2024\/02\/cropped-kreator-logo-favicon.png","contentUrl":"https:\/\/kreatortorun.pl\/wp-content\/uploads\/2024\/02\/cropped-kreator-logo-favicon.png","width":512,"height":512,"caption":"Kreator Toru\u0144"},"image":{"@id":"https:\/\/kreatortorun.pl\/#\/schema\/logo\/image\/"},"sameAs":["https:\/\/www.facebook.com\/torun.kreator","https:\/\/www.youtube.com\/@kreatortorun1862"]}]}},"_links":{"self":[{"href":"https:\/\/kreatortorun.pl\/en\/wp-json\/wp\/v2\/product\/2686","targetHints":{"allow":["GET"]}}],"collection":[{"href":"https:\/\/kreatortorun.pl\/en\/wp-json\/wp\/v2\/product"}],"about":[{"href":"https:\/\/kreatortorun.pl\/en\/wp-json\/wp\/v2\/types\/product"}],"wp:featuredmedia":[{"embeddable":true,"href":"https:\/\/kreatortorun.pl\/en\/wp-json\/wp\/v2\/media\/2847"}],"wp:attachment":[{"href":"https:\/\/kreatortorun.pl\/en\/wp-json\/wp\/v2\/media?parent=2686"}],"wp:term":[{"taxonomy":"product_brand","embeddable":true,"href":"https:\/\/kreatortorun.pl\/en\/wp-json\/wp\/v2\/product_brand?post=2686"},{"taxonomy":"product_cat","embeddable":true,"href":"https:\/\/kreatortorun.pl\/en\/wp-json\/wp\/v2\/product_cat?post=2686"},{"taxonomy":"product_tag","embeddable":true,"href":"https:\/\/kreatortorun.pl\/en\/wp-json\/wp\/v2\/product_tag?post=2686"}],"curies":[{"name":"wp","href":"https:\/\/api.w.org\/{rel}","templated":true}]}}