{"id":3286,"date":"2021-11-21T23:30:21","date_gmt":"2021-11-21T23:30:21","guid":{"rendered":"https:\/\/kreatortorun.pl\/?post_type=product&#038;p=3286"},"modified":"2026-01-19T14:52:58","modified_gmt":"2026-01-19T14:52:58","slug":"plaszcz-meski-sp-215-mon-szyty-na-miare","status":"publish","type":"product","link":"https:\/\/kreatortorun.pl\/en\/produkt\/plaszcz-meski-sp-215-mon-szyty-na-miare\/","title":{"rendered":"P\u0142aszcz m\u0119ski SP wz\u00f3r 215\/MON szyty na miar\u0119"},"content":{"rendered":"<h1>P\u0142aszcz m\u0119ski Si\u0142 Powietrznych wz\u00f3r 215\/MON szyty na miar\u0119<\/h1>\n<p style=\"text-align: justify;\">P\u0142aszcz na podszewce, z podpink\u0105, jest ubiorem dopasowanym w talii, z ko\u0142nierzem i wy\u0142ogami, wyk\u0142adanymi na odci\u0119tej st\u00f3jce. P\u0142aszcz Si\u0142 Powietrznych wykonany jest z tkaniny w kolorze czarnym. Zapi\u0119cie p\u0142aszcza jest jednorz\u0119dowe, na cztery guziki z oznak\u0105 or\u0142a wojskowego.<span class=\"Apple-converted-space\">\u00a0<\/span><\/p>\n<p style=\"text-align: justify;\">D\u0142ugo\u015b\u0107 p\u0142aszcza m\u0119skiego SP si\u0119ga linii kolan. R\u0119kawy dwucz\u0119\u015bciowe, wyprofilowane s\u0105 za pomoc\u0105 szwu \u0142okciowego. Barki p\u0142aszcza wype\u0142nione s\u0105 wk\u0142adami barkowymi. Na barkach umieszczone s\u0105 naramienniki, przesuni\u0119te lekko do przodu i wszyte w szew \u0142\u0105cz\u0105cy kraw\u0119dzie ramion z kul\u0105 r\u0119kawa, zapinane na guziki mundurowe. Na przodzie, w miejscu zako\u0144czenia zaszewek modeluj\u0105cych, znajduj\u0105 si\u0119 dwie wpuszczane kieszenie sko\u015bne. W ob\u0142o\u017ceniu lewego przodu, po wewn\u0119trznej stronie p\u0142aszcza, umieszczona jest wpuszczana kiesze\u0144 wewn\u0119trzna, zamykana na zamek b\u0142yskawiczny. Przody p\u0142aszcza, wykonane z ca\u0142o\u015bci, przechodz\u0105 na jego ty\u0142, tworz\u0105c jednocze\u015bnie boczki p\u0142aszcza. Ty\u0142 p\u0142aszcza ze szwem \u015brodkowym, w dole wyko\u0144czony jest rozporkiem. W szwach \u0142\u0105cz\u0105cych boczki z ty\u0142em, wszyty jest na sta\u0142e pasek. Od wewn\u0105trz, na wysoko\u015bci pasa znajduje si\u0119 system regulacji, umo\u017cliwiaj\u0105cy zmniejszenie obwodu p\u0142aszcza po odpi\u0119ciu od niego podpinki. P\u0142aszcz SP szyty na miar\u0119 jest nieocieplany, wyko\u0144czony podszewk\u0105 w kolorze dopasowanym do barwy tkaniny wierzchniej. Podpinka dopinana jest do p\u0142aszcza za pomoc\u0105 zamka b\u0142yskawicznego wszytego w ob\u0142o\u017cenia przod\u00f3w i st\u00f3jk\u0119, w r\u0119kawach mocowana do p\u0142aszcza za pomoc\u0105 guzik\u00f3w.<\/p>\n","protected":false},"excerpt":{"rendered":"<p style=\"text-align: justify;\">P\u0142aszcz m\u0119ski SP 215\/MON szyty na miar\u0119 jest potwierdzony przez Wojskowy O\u015brodek Badawczo-Wdro\u017ceniowy S\u0142u\u017cby Mundurowej w \u0141odzi za zgodno\u015b\u0107 z Wojskow\u0105 Dokumentacj\u0105 Techniczno-Technologiczn\u0105 oraz wzorem Przedmiotu Umundurowania i Wyekwipowania. Wszystkie surowce zastosowane w wyrobie s\u0105<span class=\"Apple-converted-space\">\u00a0 <\/span>zgodne z Wojskow\u0105 Dokumentacj\u0105 Techniczno-Technologiczn\u0105 wz\u00f3r 215\/MON.<\/p>\n<p style=\"text-align: justify;\"><strong>Uwaga!<br \/>\n<\/strong><strong>Zamawiany produkt jest produktem nieprefabrykowanym, wyprodukowanym wed\u0142ug specyfikacji konsumenta i z tego powodu Klientowi nie przys\u0142uguje prawo odst\u0105pienia od umowy zawartej na odleg\u0142o\u015b\u0107.<\/strong><\/p>\n","protected":false},"featured_media":3104,"template":"","meta":[],"product_brand":[],"product_cat":[128],"product_tag":[89,164],"class_list":{"0":"post-3286","1":"product","2":"type-product","3":"status-publish","4":"has-post-thumbnail","6":"product_cat-umundurowanie-m-sp","7":"product_tag-sp","8":"product_tag-miarowe","10":"first","11":"onbackorder","12":"taxable","13":"shipping-taxable","14":"purchasable","15":"product-type-simple"},"yoast_head":"<!-- This site is optimized with the Yoast SEO plugin v27.3 - https:\/\/yoast.com\/product\/yoast-seo-wordpress\/ -->\n<title>P\u0142aszcz m\u0119ski SP wz\u00f3r 215\/MON szyty na miar\u0119 - Kreator Toru\u0144<\/title>\n<meta name=\"description\" content=\"Nasz szyty na miar\u0119 p\u0142aszcz m\u0119ski Si\u0142 Powietrznych jest potwierdzony przez WOBWSM w \u0141odzi a zastosowane surowce s\u0105 zgodne z wojskow\u0105 dokumentacj\u0105 techniczn\u0105\" \/>\n<meta name=\"robots\" content=\"index, follow, max-snippet:-1, max-image-preview:large, max-video-preview:-1\" \/>\n<link rel=\"canonical\" href=\"https:\/\/kreatortorun.pl\/produkt\/plaszcz-meski-sp-215-mon-szyty-na-miare\/\" \/>\n<meta property=\"og:locale\" content=\"en_US\" \/>\n<meta property=\"og:type\" content=\"article\" \/>\n<meta property=\"og:title\" content=\"P\u0142aszcz m\u0119ski SP wz\u00f3r 215\/MON szyty na miar\u0119 - Kreator Toru\u0144\" \/>\n<meta property=\"og:description\" content=\"Nasz szyty na miar\u0119 p\u0142aszcz m\u0119ski Si\u0142 Powietrznych jest potwierdzony przez WOBWSM w \u0141odzi a zastosowane surowce s\u0105 zgodne z wojskow\u0105 dokumentacj\u0105 techniczn\u0105\" \/>\n<meta property=\"og:url\" content=\"https:\/\/kreatortorun.pl\/produkt\/plaszcz-meski-sp-215-mon-szyty-na-miare\/\" \/>\n<meta property=\"og:site_name\" content=\"Kreator Toru\u0144\" \/>\n<meta property=\"article:publisher\" content=\"https:\/\/www.facebook.com\/torun.kreator\" \/>\n<meta property=\"article:modified_time\" content=\"2026-01-19T14:52:58+00:00\" \/>\n<meta property=\"og:image\" content=\"https:\/\/kreatortorun.pl\/wp-content\/uploads\/2021\/11\/pomiar-SP-plaszcz-tailor.jpg\" \/>\n\t<meta property=\"og:image:width\" content=\"1200\" \/>\n\t<meta property=\"og:image:height\" content=\"1200\" \/>\n\t<meta property=\"og:image:type\" content=\"image\/jpeg\" \/>\n<meta name=\"twitter:card\" content=\"summary_large_image\" \/>\n<meta name=\"twitter:label1\" content=\"Est. reading time\" \/>\n\t<meta name=\"twitter:data1\" content=\"2 minutes\" \/>\n<script type=\"application\/ld+json\" class=\"yoast-schema-graph\">{\"@context\":\"https:\\\/\\\/schema.org\",\"@graph\":[{\"@type\":\"WebPage\",\"@id\":\"https:\\\/\\\/kreatortorun.pl\\\/produkt\\\/plaszcz-meski-sp-215-mon-szyty-na-miare\\\/\",\"url\":\"https:\\\/\\\/kreatortorun.pl\\\/produkt\\\/plaszcz-meski-sp-215-mon-szyty-na-miare\\\/\",\"name\":\"P\u0142aszcz m\u0119ski SP wz\u00f3r 215\\\/MON szyty na miar\u0119 - Kreator Toru\u0144\",\"isPartOf\":{\"@id\":\"https:\\\/\\\/kreatortorun.pl\\\/#website\"},\"primaryImageOfPage\":{\"@id\":\"https:\\\/\\\/kreatortorun.pl\\\/produkt\\\/plaszcz-meski-sp-215-mon-szyty-na-miare\\\/#primaryimage\"},\"image\":{\"@id\":\"https:\\\/\\\/kreatortorun.pl\\\/produkt\\\/plaszcz-meski-sp-215-mon-szyty-na-miare\\\/#primaryimage\"},\"thumbnailUrl\":\"https:\\\/\\\/kreatortorun.pl\\\/wp-content\\\/uploads\\\/2021\\\/11\\\/pomiar-SP-plaszcz-tailor.jpg\",\"datePublished\":\"2021-11-21T23:30:21+00:00\",\"dateModified\":\"2026-01-19T14:52:58+00:00\",\"description\":\"Nasz szyty na miar\u0119 p\u0142aszcz m\u0119ski Si\u0142 Powietrznych jest potwierdzony przez WOBWSM w \u0141odzi a zastosowane surowce s\u0105 zgodne z wojskow\u0105 dokumentacj\u0105 techniczn\u0105\",\"breadcrumb\":{\"@id\":\"https:\\\/\\\/kreatortorun.pl\\\/produkt\\\/plaszcz-meski-sp-215-mon-szyty-na-miare\\\/#breadcrumb\"},\"inLanguage\":\"en-US\",\"potentialAction\":[{\"@type\":\"ReadAction\",\"target\":[\"https:\\\/\\\/kreatortorun.pl\\\/produkt\\\/plaszcz-meski-sp-215-mon-szyty-na-miare\\\/\"]}]},{\"@type\":\"ImageObject\",\"inLanguage\":\"en-US\",\"@id\":\"https:\\\/\\\/kreatortorun.pl\\\/produkt\\\/plaszcz-meski-sp-215-mon-szyty-na-miare\\\/#primaryimage\",\"url\":\"https:\\\/\\\/kreatortorun.pl\\\/wp-content\\\/uploads\\\/2021\\\/11\\\/pomiar-SP-plaszcz-tailor.jpg\",\"contentUrl\":\"https:\\\/\\\/kreatortorun.pl\\\/wp-content\\\/uploads\\\/2021\\\/11\\\/pomiar-SP-plaszcz-tailor.jpg\",\"width\":1200,\"height\":1200},{\"@type\":\"BreadcrumbList\",\"@id\":\"https:\\\/\\\/kreatortorun.pl\\\/produkt\\\/plaszcz-meski-sp-215-mon-szyty-na-miare\\\/#breadcrumb\",\"itemListElement\":[{\"@type\":\"ListItem\",\"position\":1,\"name\":\"Strona g\u0142\u00f3wna\",\"item\":\"https:\\\/\\\/kreatortorun.pl\\\/en\\\/\"},{\"@type\":\"ListItem\",\"position\":2,\"name\":\"Shop\",\"item\":\"https:\\\/\\\/kreatortorun.pl\\\/en\\\/shop\\\/\"},{\"@type\":\"ListItem\",\"position\":3,\"name\":\"P\u0142aszcz m\u0119ski SP wz\u00f3r 215\\\/MON szyty na miar\u0119\"}]},{\"@type\":\"WebSite\",\"@id\":\"https:\\\/\\\/kreatortorun.pl\\\/#website\",\"url\":\"https:\\\/\\\/kreatortorun.pl\\\/\",\"name\":\"Kreator Toru\u0144\",\"description\":\"Producent mundur\u00f3w, kombinezon\u00f3w i odzie\u017cy taktycznej\",\"publisher\":{\"@id\":\"https:\\\/\\\/kreatortorun.pl\\\/#organization\"},\"potentialAction\":[{\"@type\":\"SearchAction\",\"target\":{\"@type\":\"EntryPoint\",\"urlTemplate\":\"https:\\\/\\\/kreatortorun.pl\\\/?s={search_term_string}\"},\"query-input\":{\"@type\":\"PropertyValueSpecification\",\"valueRequired\":true,\"valueName\":\"search_term_string\"}}],\"inLanguage\":\"en-US\"},{\"@type\":\"Organization\",\"@id\":\"https:\\\/\\\/kreatortorun.pl\\\/#organization\",\"name\":\"Kreator Toru\u0144\",\"url\":\"https:\\\/\\\/kreatortorun.pl\\\/\",\"logo\":{\"@type\":\"ImageObject\",\"inLanguage\":\"en-US\",\"@id\":\"https:\\\/\\\/kreatortorun.pl\\\/#\\\/schema\\\/logo\\\/image\\\/\",\"url\":\"https:\\\/\\\/kreatortorun.pl\\\/wp-content\\\/uploads\\\/2024\\\/02\\\/cropped-kreator-logo-favicon.png\",\"contentUrl\":\"https:\\\/\\\/kreatortorun.pl\\\/wp-content\\\/uploads\\\/2024\\\/02\\\/cropped-kreator-logo-favicon.png\",\"width\":512,\"height\":512,\"caption\":\"Kreator Toru\u0144\"},\"image\":{\"@id\":\"https:\\\/\\\/kreatortorun.pl\\\/#\\\/schema\\\/logo\\\/image\\\/\"},\"sameAs\":[\"https:\\\/\\\/www.facebook.com\\\/torun.kreator\",\"https:\\\/\\\/www.youtube.com\\\/@kreatortorun1862\"]}]}<\/script>\n<!-- \/ Yoast SEO plugin. -->","yoast_head_json":{"title":"P\u0142aszcz m\u0119ski SP wz\u00f3r 215\/MON szyty na miar\u0119 - Kreator Toru\u0144","description":"Nasz szyty na miar\u0119 p\u0142aszcz m\u0119ski Si\u0142 Powietrznych jest potwierdzony przez WOBWSM w \u0141odzi a zastosowane surowce s\u0105 zgodne z wojskow\u0105 dokumentacj\u0105 techniczn\u0105","robots":{"index":"index","follow":"follow","max-snippet":"max-snippet:-1","max-image-preview":"max-image-preview:large","max-video-preview":"max-video-preview:-1"},"canonical":"https:\/\/kreatortorun.pl\/produkt\/plaszcz-meski-sp-215-mon-szyty-na-miare\/","og_locale":"en_US","og_type":"article","og_title":"P\u0142aszcz m\u0119ski SP wz\u00f3r 215\/MON szyty na miar\u0119 - Kreator Toru\u0144","og_description":"Nasz szyty na miar\u0119 p\u0142aszcz m\u0119ski Si\u0142 Powietrznych jest potwierdzony przez WOBWSM w \u0141odzi a zastosowane surowce s\u0105 zgodne z wojskow\u0105 dokumentacj\u0105 techniczn\u0105","og_url":"https:\/\/kreatortorun.pl\/produkt\/plaszcz-meski-sp-215-mon-szyty-na-miare\/","og_site_name":"Kreator Toru\u0144","article_publisher":"https:\/\/www.facebook.com\/torun.kreator","article_modified_time":"2026-01-19T14:52:58+00:00","og_image":[{"width":1200,"height":1200,"url":"https:\/\/kreatortorun.pl\/wp-content\/uploads\/2021\/11\/pomiar-SP-plaszcz-tailor.jpg","type":"image\/jpeg"}],"twitter_card":"summary_large_image","twitter_misc":{"Est. reading time":"2 minutes"},"schema":{"@context":"https:\/\/schema.org","@graph":[{"@type":"WebPage","@id":"https:\/\/kreatortorun.pl\/produkt\/plaszcz-meski-sp-215-mon-szyty-na-miare\/","url":"https:\/\/kreatortorun.pl\/produkt\/plaszcz-meski-sp-215-mon-szyty-na-miare\/","name":"P\u0142aszcz m\u0119ski SP wz\u00f3r 215\/MON szyty na miar\u0119 - Kreator Toru\u0144","isPartOf":{"@id":"https:\/\/kreatortorun.pl\/#website"},"primaryImageOfPage":{"@id":"https:\/\/kreatortorun.pl\/produkt\/plaszcz-meski-sp-215-mon-szyty-na-miare\/#primaryimage"},"image":{"@id":"https:\/\/kreatortorun.pl\/produkt\/plaszcz-meski-sp-215-mon-szyty-na-miare\/#primaryimage"},"thumbnailUrl":"https:\/\/kreatortorun.pl\/wp-content\/uploads\/2021\/11\/pomiar-SP-plaszcz-tailor.jpg","datePublished":"2021-11-21T23:30:21+00:00","dateModified":"2026-01-19T14:52:58+00:00","description":"Nasz szyty na miar\u0119 p\u0142aszcz m\u0119ski Si\u0142 Powietrznych jest potwierdzony przez WOBWSM w \u0141odzi a zastosowane surowce s\u0105 zgodne z wojskow\u0105 dokumentacj\u0105 techniczn\u0105","breadcrumb":{"@id":"https:\/\/kreatortorun.pl\/produkt\/plaszcz-meski-sp-215-mon-szyty-na-miare\/#breadcrumb"},"inLanguage":"en-US","potentialAction":[{"@type":"ReadAction","target":["https:\/\/kreatortorun.pl\/produkt\/plaszcz-meski-sp-215-mon-szyty-na-miare\/"]}]},{"@type":"ImageObject","inLanguage":"en-US","@id":"https:\/\/kreatortorun.pl\/produkt\/plaszcz-meski-sp-215-mon-szyty-na-miare\/#primaryimage","url":"https:\/\/kreatortorun.pl\/wp-content\/uploads\/2021\/11\/pomiar-SP-plaszcz-tailor.jpg","contentUrl":"https:\/\/kreatortorun.pl\/wp-content\/uploads\/2021\/11\/pomiar-SP-plaszcz-tailor.jpg","width":1200,"height":1200},{"@type":"BreadcrumbList","@id":"https:\/\/kreatortorun.pl\/produkt\/plaszcz-meski-sp-215-mon-szyty-na-miare\/#breadcrumb","itemListElement":[{"@type":"ListItem","position":1,"name":"Strona g\u0142\u00f3wna","item":"https:\/\/kreatortorun.pl\/en\/"},{"@type":"ListItem","position":2,"name":"Shop","item":"https:\/\/kreatortorun.pl\/en\/shop\/"},{"@type":"ListItem","position":3,"name":"P\u0142aszcz m\u0119ski SP wz\u00f3r 215\/MON szyty na miar\u0119"}]},{"@type":"WebSite","@id":"https:\/\/kreatortorun.pl\/#website","url":"https:\/\/kreatortorun.pl\/","name":"Kreator Toru\u0144","description":"Producent mundur\u00f3w, kombinezon\u00f3w i odzie\u017cy taktycznej","publisher":{"@id":"https:\/\/kreatortorun.pl\/#organization"},"potentialAction":[{"@type":"SearchAction","target":{"@type":"EntryPoint","urlTemplate":"https:\/\/kreatortorun.pl\/?s={search_term_string}"},"query-input":{"@type":"PropertyValueSpecification","valueRequired":true,"valueName":"search_term_string"}}],"inLanguage":"en-US"},{"@type":"Organization","@id":"https:\/\/kreatortorun.pl\/#organization","name":"Kreator Toru\u0144","url":"https:\/\/kreatortorun.pl\/","logo":{"@type":"ImageObject","inLanguage":"en-US","@id":"https:\/\/kreatortorun.pl\/#\/schema\/logo\/image\/","url":"https:\/\/kreatortorun.pl\/wp-content\/uploads\/2024\/02\/cropped-kreator-logo-favicon.png","contentUrl":"https:\/\/kreatortorun.pl\/wp-content\/uploads\/2024\/02\/cropped-kreator-logo-favicon.png","width":512,"height":512,"caption":"Kreator Toru\u0144"},"image":{"@id":"https:\/\/kreatortorun.pl\/#\/schema\/logo\/image\/"},"sameAs":["https:\/\/www.facebook.com\/torun.kreator","https:\/\/www.youtube.com\/@kreatortorun1862"]}]}},"_links":{"self":[{"href":"https:\/\/kreatortorun.pl\/en\/wp-json\/wp\/v2\/product\/3286","targetHints":{"allow":["GET"]}}],"collection":[{"href":"https:\/\/kreatortorun.pl\/en\/wp-json\/wp\/v2\/product"}],"about":[{"href":"https:\/\/kreatortorun.pl\/en\/wp-json\/wp\/v2\/types\/product"}],"wp:featuredmedia":[{"embeddable":true,"href":"https:\/\/kreatortorun.pl\/en\/wp-json\/wp\/v2\/media\/3104"}],"wp:attachment":[{"href":"https:\/\/kreatortorun.pl\/en\/wp-json\/wp\/v2\/media?parent=3286"}],"wp:term":[{"taxonomy":"product_brand","embeddable":true,"href":"https:\/\/kreatortorun.pl\/en\/wp-json\/wp\/v2\/product_brand?post=3286"},{"taxonomy":"product_cat","embeddable":true,"href":"https:\/\/kreatortorun.pl\/en\/wp-json\/wp\/v2\/product_cat?post=3286"},{"taxonomy":"product_tag","embeddable":true,"href":"https:\/\/kreatortorun.pl\/en\/wp-json\/wp\/v2\/product_tag?post=3286"}],"curies":[{"name":"wp","href":"https:\/\/api.w.org\/{rel}","templated":true}]}}