{"id":3460,"date":"2021-11-22T02:10:23","date_gmt":"2021-11-22T02:10:23","guid":{"rendered":"https:\/\/kreatortorun.pl\/?post_type=product&#038;p=3460"},"modified":"2025-11-03T13:09:44","modified_gmt":"2025-11-03T13:09:44","slug":"kurtka-gabardynowa-wyjsciowa-policji-szyta-na-miare","status":"publish","type":"product","link":"https:\/\/kreatortorun.pl\/en\/produkt\/kurtka-gabardynowa-wyjsciowa-policji-szyta-na-miare\/","title":{"rendered":"Kurtka gabardynowa wyj\u015bciowa Policji szyta na miar\u0119 (nowy wz\u00f3r)"},"content":{"rendered":"<h1 style=\"text-align: justify;\">Kurtka gabardynowa wyj\u015bciowa na miar\u0119<\/h1>\n<p style=\"text-align: justify;\">Kurtka jednorz\u0119dowa Policja z wyk\u0142adanym ko\u0142nierzem i wy\u0142ogami, zapinana z przodu na cztery guziki mundurowe z god\u0142em na metalowej st\u00f3pce.<\/p>\n<p style=\"text-align: justify;\">Ramiona gabardyny s\u0105 op\u0142ywowe, wyr\u00f3wnane ma\u0142ymi wk\u0142adami. Na<span class=\"Apple-converted-space\">\u00a0<\/span>ramionach kurtki wszyte naramienniki przesuni\u0119te lekko do przodu, zapinane na guzik mundurowy. Na wysoko\u015bci klatki piersiowej oraz na wysoko\u015bci bioder poni\u017cej linii pasa naszyte s\u0105 kieszenie z patkami zapinanymi na guziki. Na szwie barkowym przyszyty guzik odzie\u017cowy do przypi\u0119cia sznura galowego Policji.<\/p>\n<p style=\"text-align: justify;\">R\u0119kawy gabardyny policyjnej w nowym wzorze s\u0105 g\u0142adkie ze szwami zako\u0144czone u do\u0142u rozporkami o d\u0142ugo\u015bci 10 cm. Gabardyna policyjna wewn\u0105trz wyko\u0144czona<span class=\"Apple-converted-space\">\u00a0<\/span>jest wiskozow\u0105 podszewk\u0105<span class=\"Apple-converted-space\"> w <\/span>kolorze tkaniny zasadniczej. W g\u00f3rnych cz\u0119\u015bciach przodu podszewki wykonane s\u0105 kieszenie wewn\u0119trzne z jedn\u0105 szerok\u0105 wypustk\u0105 z tkaniny wierzchniej. Kiesze\u0144 wewn\u0119trzna lewa zapinana jest na zapink\u0119 i guzik. Forma kurtki &#8211; klasyczna ze szwem po \u015brodku tylu. Szwy boczne ty\u0142u kurtki zako\u0144czone rozporkami o d\u0142ugo\u015bci 12 cm.<\/p>\n","protected":false},"excerpt":{"rendered":"<p style=\"text-align: justify;\">Kurtka gabardynowa wyj\u015bciowa Policji w nowym wzorze jest zgodna ze specyfikacj\u0105 techniczn\u0105 Komendy G\u0142\u00f3wnej Policji.<\/p>\n<p style=\"text-align: justify;\">W zestawie: kurtka gabardynowa, oznaka przynale\u017cno\u015bci pa\u0144stwowej, korpus\u00f3wki\/palemki, krokiewki, napis POLICJA.<\/p>\n<p style=\"text-align: justify;\"><strong>Uwaga!<br \/>\n<\/strong><strong>Zamawiany produkt jest produktem nieprefabrykowanym, wyprodukowanym wed\u0142ug specyfikacji konsumenta i z tego powodu Klientowi nie przys\u0142uguje prawo odst\u0105pienia od umowy zawartej na odleg\u0142o\u015b\u0107.<\/strong><strong><br \/>\n<\/strong><\/p>\n","protected":false},"featured_media":3808,"template":"","meta":[],"product_brand":[],"product_cat":[153],"product_tag":[164,166],"class_list":{"0":"post-3460","1":"product","2":"type-product","3":"status-publish","4":"has-post-thumbnail","6":"product_cat-umundurowanie-meskie-policja","7":"product_tag-miarowe","8":"product_tag-policja","10":"first","11":"onbackorder","12":"taxable","13":"shipping-taxable","14":"purchasable","15":"product-type-simple"},"yoast_head":"<!-- This site is optimized with the Yoast SEO plugin v27.3 - https:\/\/yoast.com\/product\/yoast-seo-wordpress\/ -->\n<title>Kurtka gabardynowa wyj\u015bciowa Policji szyta na miar\u0119 (nowy wz\u00f3r) - Kreator Toru\u0144<\/title>\n<meta name=\"description\" content=\"Szukasz gabardyny policyjnej w nowym wzorze? Sprawd\u017a jak si\u0119 zmierzy\u0107 i zam\u00f3w u nas lub u najbli\u017cszego dystrybutora. Zapraszamy!\" \/>\n<meta name=\"robots\" content=\"index, follow, max-snippet:-1, max-image-preview:large, max-video-preview:-1\" \/>\n<link rel=\"canonical\" href=\"https:\/\/kreatortorun.pl\/produkt\/kurtka-gabardynowa-wyjsciowa-policji-szyta-na-miare\/\" \/>\n<meta property=\"og:locale\" content=\"en_US\" \/>\n<meta property=\"og:type\" content=\"article\" \/>\n<meta property=\"og:title\" content=\"Kurtka gabardynowa wyj\u015bciowa Policji szyta na miar\u0119 (nowy wz\u00f3r) - Kreator Toru\u0144\" \/>\n<meta property=\"og:description\" content=\"Szukasz gabardyny policyjnej w nowym wzorze? Sprawd\u017a jak si\u0119 zmierzy\u0107 i zam\u00f3w u nas lub u najbli\u017cszego dystrybutora. Zapraszamy!\" \/>\n<meta property=\"og:url\" content=\"https:\/\/kreatortorun.pl\/produkt\/kurtka-gabardynowa-wyjsciowa-policji-szyta-na-miare\/\" \/>\n<meta property=\"og:site_name\" content=\"Kreator Toru\u0144\" \/>\n<meta property=\"article:publisher\" content=\"https:\/\/www.facebook.com\/torun.kreator\" \/>\n<meta property=\"article:modified_time\" content=\"2025-11-03T13:09:44+00:00\" \/>\n<meta property=\"og:image\" content=\"https:\/\/kreatortorun.pl\/wp-content\/uploads\/2021\/11\/pomiar-POLICJA-kurtka.jpg\" \/>\n\t<meta property=\"og:image:width\" content=\"1200\" \/>\n\t<meta property=\"og:image:height\" content=\"1200\" \/>\n\t<meta property=\"og:image:type\" content=\"image\/jpeg\" \/>\n<meta name=\"twitter:card\" content=\"summary_large_image\" \/>\n<meta name=\"twitter:label1\" content=\"Est. reading time\" \/>\n\t<meta name=\"twitter:data1\" content=\"2 minutes\" \/>\n<script type=\"application\/ld+json\" class=\"yoast-schema-graph\">{\"@context\":\"https:\\\/\\\/schema.org\",\"@graph\":[{\"@type\":\"WebPage\",\"@id\":\"https:\\\/\\\/kreatortorun.pl\\\/produkt\\\/kurtka-gabardynowa-wyjsciowa-policji-szyta-na-miare\\\/\",\"url\":\"https:\\\/\\\/kreatortorun.pl\\\/produkt\\\/kurtka-gabardynowa-wyjsciowa-policji-szyta-na-miare\\\/\",\"name\":\"Kurtka gabardynowa wyj\u015bciowa Policji szyta na miar\u0119 (nowy wz\u00f3r) - Kreator Toru\u0144\",\"isPartOf\":{\"@id\":\"https:\\\/\\\/kreatortorun.pl\\\/#website\"},\"primaryImageOfPage\":{\"@id\":\"https:\\\/\\\/kreatortorun.pl\\\/produkt\\\/kurtka-gabardynowa-wyjsciowa-policji-szyta-na-miare\\\/#primaryimage\"},\"image\":{\"@id\":\"https:\\\/\\\/kreatortorun.pl\\\/produkt\\\/kurtka-gabardynowa-wyjsciowa-policji-szyta-na-miare\\\/#primaryimage\"},\"thumbnailUrl\":\"https:\\\/\\\/kreatortorun.pl\\\/wp-content\\\/uploads\\\/2021\\\/11\\\/pomiar-POLICJA-kurtka.jpg\",\"datePublished\":\"2021-11-22T02:10:23+00:00\",\"dateModified\":\"2025-11-03T13:09:44+00:00\",\"description\":\"Szukasz gabardyny policyjnej w nowym wzorze? Sprawd\u017a jak si\u0119 zmierzy\u0107 i zam\u00f3w u nas lub u najbli\u017cszego dystrybutora. Zapraszamy!\",\"breadcrumb\":{\"@id\":\"https:\\\/\\\/kreatortorun.pl\\\/produkt\\\/kurtka-gabardynowa-wyjsciowa-policji-szyta-na-miare\\\/#breadcrumb\"},\"inLanguage\":\"en-US\",\"potentialAction\":[{\"@type\":\"ReadAction\",\"target\":[\"https:\\\/\\\/kreatortorun.pl\\\/produkt\\\/kurtka-gabardynowa-wyjsciowa-policji-szyta-na-miare\\\/\"]}]},{\"@type\":\"ImageObject\",\"inLanguage\":\"en-US\",\"@id\":\"https:\\\/\\\/kreatortorun.pl\\\/produkt\\\/kurtka-gabardynowa-wyjsciowa-policji-szyta-na-miare\\\/#primaryimage\",\"url\":\"https:\\\/\\\/kreatortorun.pl\\\/wp-content\\\/uploads\\\/2021\\\/11\\\/pomiar-POLICJA-kurtka.jpg\",\"contentUrl\":\"https:\\\/\\\/kreatortorun.pl\\\/wp-content\\\/uploads\\\/2021\\\/11\\\/pomiar-POLICJA-kurtka.jpg\",\"width\":1200,\"height\":1200},{\"@type\":\"BreadcrumbList\",\"@id\":\"https:\\\/\\\/kreatortorun.pl\\\/produkt\\\/kurtka-gabardynowa-wyjsciowa-policji-szyta-na-miare\\\/#breadcrumb\",\"itemListElement\":[{\"@type\":\"ListItem\",\"position\":1,\"name\":\"Strona g\u0142\u00f3wna\",\"item\":\"https:\\\/\\\/kreatortorun.pl\\\/en\\\/\"},{\"@type\":\"ListItem\",\"position\":2,\"name\":\"Shop\",\"item\":\"https:\\\/\\\/kreatortorun.pl\\\/en\\\/shop\\\/\"},{\"@type\":\"ListItem\",\"position\":3,\"name\":\"Kurtka gabardynowa wyj\u015bciowa Policji szyta na miar\u0119 (nowy wz\u00f3r)\"}]},{\"@type\":\"WebSite\",\"@id\":\"https:\\\/\\\/kreatortorun.pl\\\/#website\",\"url\":\"https:\\\/\\\/kreatortorun.pl\\\/\",\"name\":\"Kreator Toru\u0144\",\"description\":\"Producent mundur\u00f3w, kombinezon\u00f3w i odzie\u017cy taktycznej\",\"publisher\":{\"@id\":\"https:\\\/\\\/kreatortorun.pl\\\/#organization\"},\"potentialAction\":[{\"@type\":\"SearchAction\",\"target\":{\"@type\":\"EntryPoint\",\"urlTemplate\":\"https:\\\/\\\/kreatortorun.pl\\\/?s={search_term_string}\"},\"query-input\":{\"@type\":\"PropertyValueSpecification\",\"valueRequired\":true,\"valueName\":\"search_term_string\"}}],\"inLanguage\":\"en-US\"},{\"@type\":\"Organization\",\"@id\":\"https:\\\/\\\/kreatortorun.pl\\\/#organization\",\"name\":\"Kreator Toru\u0144\",\"url\":\"https:\\\/\\\/kreatortorun.pl\\\/\",\"logo\":{\"@type\":\"ImageObject\",\"inLanguage\":\"en-US\",\"@id\":\"https:\\\/\\\/kreatortorun.pl\\\/#\\\/schema\\\/logo\\\/image\\\/\",\"url\":\"https:\\\/\\\/kreatortorun.pl\\\/wp-content\\\/uploads\\\/2024\\\/02\\\/cropped-kreator-logo-favicon.png\",\"contentUrl\":\"https:\\\/\\\/kreatortorun.pl\\\/wp-content\\\/uploads\\\/2024\\\/02\\\/cropped-kreator-logo-favicon.png\",\"width\":512,\"height\":512,\"caption\":\"Kreator Toru\u0144\"},\"image\":{\"@id\":\"https:\\\/\\\/kreatortorun.pl\\\/#\\\/schema\\\/logo\\\/image\\\/\"},\"sameAs\":[\"https:\\\/\\\/www.facebook.com\\\/torun.kreator\",\"https:\\\/\\\/www.youtube.com\\\/@kreatortorun1862\"]}]}<\/script>\n<!-- \/ Yoast SEO plugin. -->","yoast_head_json":{"title":"Kurtka gabardynowa wyj\u015bciowa Policji szyta na miar\u0119 (nowy wz\u00f3r) - Kreator Toru\u0144","description":"Szukasz gabardyny policyjnej w nowym wzorze? Sprawd\u017a jak si\u0119 zmierzy\u0107 i zam\u00f3w u nas lub u najbli\u017cszego dystrybutora. Zapraszamy!","robots":{"index":"index","follow":"follow","max-snippet":"max-snippet:-1","max-image-preview":"max-image-preview:large","max-video-preview":"max-video-preview:-1"},"canonical":"https:\/\/kreatortorun.pl\/produkt\/kurtka-gabardynowa-wyjsciowa-policji-szyta-na-miare\/","og_locale":"en_US","og_type":"article","og_title":"Kurtka gabardynowa wyj\u015bciowa Policji szyta na miar\u0119 (nowy wz\u00f3r) - Kreator Toru\u0144","og_description":"Szukasz gabardyny policyjnej w nowym wzorze? Sprawd\u017a jak si\u0119 zmierzy\u0107 i zam\u00f3w u nas lub u najbli\u017cszego dystrybutora. Zapraszamy!","og_url":"https:\/\/kreatortorun.pl\/produkt\/kurtka-gabardynowa-wyjsciowa-policji-szyta-na-miare\/","og_site_name":"Kreator Toru\u0144","article_publisher":"https:\/\/www.facebook.com\/torun.kreator","article_modified_time":"2025-11-03T13:09:44+00:00","og_image":[{"width":1200,"height":1200,"url":"https:\/\/kreatortorun.pl\/wp-content\/uploads\/2021\/11\/pomiar-POLICJA-kurtka.jpg","type":"image\/jpeg"}],"twitter_card":"summary_large_image","twitter_misc":{"Est. reading time":"2 minutes"},"schema":{"@context":"https:\/\/schema.org","@graph":[{"@type":"WebPage","@id":"https:\/\/kreatortorun.pl\/produkt\/kurtka-gabardynowa-wyjsciowa-policji-szyta-na-miare\/","url":"https:\/\/kreatortorun.pl\/produkt\/kurtka-gabardynowa-wyjsciowa-policji-szyta-na-miare\/","name":"Kurtka gabardynowa wyj\u015bciowa Policji szyta na miar\u0119 (nowy wz\u00f3r) - Kreator Toru\u0144","isPartOf":{"@id":"https:\/\/kreatortorun.pl\/#website"},"primaryImageOfPage":{"@id":"https:\/\/kreatortorun.pl\/produkt\/kurtka-gabardynowa-wyjsciowa-policji-szyta-na-miare\/#primaryimage"},"image":{"@id":"https:\/\/kreatortorun.pl\/produkt\/kurtka-gabardynowa-wyjsciowa-policji-szyta-na-miare\/#primaryimage"},"thumbnailUrl":"https:\/\/kreatortorun.pl\/wp-content\/uploads\/2021\/11\/pomiar-POLICJA-kurtka.jpg","datePublished":"2021-11-22T02:10:23+00:00","dateModified":"2025-11-03T13:09:44+00:00","description":"Szukasz gabardyny policyjnej w nowym wzorze? Sprawd\u017a jak si\u0119 zmierzy\u0107 i zam\u00f3w u nas lub u najbli\u017cszego dystrybutora. Zapraszamy!","breadcrumb":{"@id":"https:\/\/kreatortorun.pl\/produkt\/kurtka-gabardynowa-wyjsciowa-policji-szyta-na-miare\/#breadcrumb"},"inLanguage":"en-US","potentialAction":[{"@type":"ReadAction","target":["https:\/\/kreatortorun.pl\/produkt\/kurtka-gabardynowa-wyjsciowa-policji-szyta-na-miare\/"]}]},{"@type":"ImageObject","inLanguage":"en-US","@id":"https:\/\/kreatortorun.pl\/produkt\/kurtka-gabardynowa-wyjsciowa-policji-szyta-na-miare\/#primaryimage","url":"https:\/\/kreatortorun.pl\/wp-content\/uploads\/2021\/11\/pomiar-POLICJA-kurtka.jpg","contentUrl":"https:\/\/kreatortorun.pl\/wp-content\/uploads\/2021\/11\/pomiar-POLICJA-kurtka.jpg","width":1200,"height":1200},{"@type":"BreadcrumbList","@id":"https:\/\/kreatortorun.pl\/produkt\/kurtka-gabardynowa-wyjsciowa-policji-szyta-na-miare\/#breadcrumb","itemListElement":[{"@type":"ListItem","position":1,"name":"Strona g\u0142\u00f3wna","item":"https:\/\/kreatortorun.pl\/en\/"},{"@type":"ListItem","position":2,"name":"Shop","item":"https:\/\/kreatortorun.pl\/en\/shop\/"},{"@type":"ListItem","position":3,"name":"Kurtka gabardynowa wyj\u015bciowa Policji szyta na miar\u0119 (nowy wz\u00f3r)"}]},{"@type":"WebSite","@id":"https:\/\/kreatortorun.pl\/#website","url":"https:\/\/kreatortorun.pl\/","name":"Kreator Toru\u0144","description":"Producent mundur\u00f3w, kombinezon\u00f3w i odzie\u017cy taktycznej","publisher":{"@id":"https:\/\/kreatortorun.pl\/#organization"},"potentialAction":[{"@type":"SearchAction","target":{"@type":"EntryPoint","urlTemplate":"https:\/\/kreatortorun.pl\/?s={search_term_string}"},"query-input":{"@type":"PropertyValueSpecification","valueRequired":true,"valueName":"search_term_string"}}],"inLanguage":"en-US"},{"@type":"Organization","@id":"https:\/\/kreatortorun.pl\/#organization","name":"Kreator Toru\u0144","url":"https:\/\/kreatortorun.pl\/","logo":{"@type":"ImageObject","inLanguage":"en-US","@id":"https:\/\/kreatortorun.pl\/#\/schema\/logo\/image\/","url":"https:\/\/kreatortorun.pl\/wp-content\/uploads\/2024\/02\/cropped-kreator-logo-favicon.png","contentUrl":"https:\/\/kreatortorun.pl\/wp-content\/uploads\/2024\/02\/cropped-kreator-logo-favicon.png","width":512,"height":512,"caption":"Kreator Toru\u0144"},"image":{"@id":"https:\/\/kreatortorun.pl\/#\/schema\/logo\/image\/"},"sameAs":["https:\/\/www.facebook.com\/torun.kreator","https:\/\/www.youtube.com\/@kreatortorun1862"]}]}},"_links":{"self":[{"href":"https:\/\/kreatortorun.pl\/en\/wp-json\/wp\/v2\/product\/3460","targetHints":{"allow":["GET"]}}],"collection":[{"href":"https:\/\/kreatortorun.pl\/en\/wp-json\/wp\/v2\/product"}],"about":[{"href":"https:\/\/kreatortorun.pl\/en\/wp-json\/wp\/v2\/types\/product"}],"wp:featuredmedia":[{"embeddable":true,"href":"https:\/\/kreatortorun.pl\/en\/wp-json\/wp\/v2\/media\/3808"}],"wp:attachment":[{"href":"https:\/\/kreatortorun.pl\/en\/wp-json\/wp\/v2\/media?parent=3460"}],"wp:term":[{"taxonomy":"product_brand","embeddable":true,"href":"https:\/\/kreatortorun.pl\/en\/wp-json\/wp\/v2\/product_brand?post=3460"},{"taxonomy":"product_cat","embeddable":true,"href":"https:\/\/kreatortorun.pl\/en\/wp-json\/wp\/v2\/product_cat?post=3460"},{"taxonomy":"product_tag","embeddable":true,"href":"https:\/\/kreatortorun.pl\/en\/wp-json\/wp\/v2\/product_tag?post=3460"}],"curies":[{"name":"wp","href":"https:\/\/api.w.org\/{rel}","templated":true}]}}